{"id":173282,"date":"2026-08-28T10:46:40","date_gmt":"2026-08-28T09:46:40","guid":{"rendered":"https:\/\/canariaslife.com\/?page_id=173282"},"modified":"2026-09-03T16:19:56","modified_gmt":"2026-09-03T15:19:56","slug":"charco-verde","status":"publish","type":"page","link":"https:\/\/canariaslife.com\/it\/camaras-de-la-palma\/los-llanos-de-aridane\/charco-verde\/","title":{"rendered":"In tempo reale: Charco Verde \u2013 Los Llanos de Aridane, La Palma | CanariasLife"},"content":{"rendered":"<div class=\"wp-block-uagb-container uagb-block-1367b396 alignfull uagb-is-root-container\"><div class=\"uagb-container-inner-blocks-wrap\">\n<div class=\"wp-block-uagb-advanced-heading uagb-block-4bdc2b61\"><h1 class=\"uagb-heading-text\">Charco Verde La Palma&nbsp;in tempo reale<\/h1><p class=\"uagb-desc-text\">Arena nera, acque medicinali e scogliere sulla costa ovest dell'isola<\/p><\/div>\n<\/div><\/div>\n\n\n\n<div class=\"wp-block-uagb-container uagb-block-ca7d252f alignfull uagb-is-root-container\"><div class=\"uagb-container-inner-blocks-wrap\">    <div class=\"iframe_video\" id=\"wcam_6a9a080329cdd\" data-src=\"https:\/\/www.skylinewebcams.com\/webcam\/espana\/canarias\/?w=6176&#038;autoplay=1&#038;mute=1&#038;playsinline=1\">\r\n      <img\r\n    class=\"webcam_logo\"\r\n    src=\"https:\/\/canariaslife.com\/wp-content\/uploads\/2022\/07\/logo_CL_.png\"\r\n    alt=\"CanariasLife Webcam\"\r\n    width=\"120\"\r\n    height=\"113\"\r\n    loading=\"lazy\"\r\n    decoding=\"async\"\r\n    data-no-lazy=\"1\">\r\n    <\/div>\r\n    <script>\r\n    (function() {\r\n        var container = document.getElementById('wcam_6a9a080329cdd');\r\n        var observer = new IntersectionObserver(function(entries) {\r\n            entries.forEach(function(entry) {\r\n                if (entry.isIntersecting) {\r\n                    var src = container.getAttribute('data-src');\r\n                    var iframe = document.createElement('iframe');\r\n                    iframe.className = 'webcam_player';\r\n                    iframe.loading = 'eager';\r\n                    iframe.fetchPriority = 'high';\r\n                    iframe.allow = 'autoplay; fullscreen; picture-in-picture';\r\n                    iframe.allowFullscreen = true;\r\n                    iframe.setAttribute('playsinline', '');\r\n                    iframe.setAttribute('webkit-playsinline', '');\r\n                    iframe.src = src;\r\n                    iframe.title = 'Webcam en directo';\r\n                    container.insertBefore(iframe, container.querySelector('.webcam_logo'));\r\n                    observer.disconnect();\r\n                }\r\n            });\r\n        }, {\r\n            rootMargin: '200px 0px',\r\n            threshold: 0\r\n        });\r\n        observer.observe(container);\r\n    })();\r\n    <\/script>\r\n    \n\n\n\n<div class=\"nav-micro-cta\">\n    <!-- Link Isola (Sinistra) -->\n    <a href=\"https:\/\/canariaslife.com\/it\/webcam-di-la-palma\/\" class=\"cta-link cta-island\">\n        <span class=\"dashicons dashicons-location\"><\/span>\n        <span class=\"cta-text\">La Palma<\/span>\n    <\/a>\n    <!-- Spazio per il tasto Favorito centrale -->\n    <div class=\"cta-spacer\"><\/div>\n    <!-- Link Municipio (Destra) -->\n    <a href=\"https:\/\/canariaslife.com\/it\/webcam-di-la-palma\/los-llanos-de-aridane\/\" class=\"cta-link cta-town\">\n        <span class=\"dashicons dashicons-bank\"><\/span>\n        <span class=\"cta-text\">Los Llanos de Aridane<\/span>\n    <\/a>\n<\/div>\n<\/div><\/div>\n\n\n\n<div class=\"wp-block-uagb-container uagb-block-75830340 alignfull uagb-is-root-container\"><div class=\"uagb-container-inner-blocks-wrap\">\n<h6 style=\"text-align:center; margin-top:-20px;\"><div class=\"simplefavorite-button preset\" data-postid=\"173282\" data-siteid=\"1\" data-groupid=\"1\" data-favoritecount=\"85\" style=\"box-shadow:none;-webkit-box-shadow:none;-moz-box-shadow:none;background-color:#ffffff;border-color:#ffffff;color:#35a8e0;\"><i class=\"sf-icon-favorite\" style=\"color:#35a8e0;\"><\/i>Preferito<\/div><\/h6>\n<\/div><\/div>\n\n\n\n<div class=\"wp-block-uagb-container uagb-block-1bce129f alignfull uagb-is-root-container\"><div class=\"uagb-container-inner-blocks-wrap\">\n<div class=\"wp-block-uagb-container uagb-layout-flex uagb-block-d2d21107\">\n<div class=\"wp-block-uagb-image aligncenter uagb-block-80262984 wp-block-uagb-image--layout-default wp-block-uagb-image--effect-static wp-block-uagb-image--align-center\"><figure class=\"wp-block-uagb-image__figure\"><img decoding=\"async\" src=\"https:\/\/canariaslife.com\/wp-content\/uploads\/2025\/02\/Los-Llanos-de-Aridane-373x187_CanariasLife_.webp\" alt=\"Comune di Los Llanos de Aridane, promotore della webcam spiaggia Puerto Naos La Palma\" class=\"uag-image-142210\" width=\"373\" height=\"187\" title=\"Los-Llanos-de-Aridane 373x187_CanariasLife_\" loading=\"lazy\" role=\"img\" \/><\/figure><\/div>\n<a class=\"spectra-container-link-overlay\" rel=\"noopener\" target=\"_blank\" href=\"https:\/\/www.aridane.org\/city\/\"> <\/a><\/div>\n<\/div><\/div>\n\n\n\n<div class=\"wp-block-uagb-container uagb-layout-flex uagb-block-c0c01dd0 alignfull uagb-is-root-container\">\n<div class=\"wp-block-uagb-container uagb-layout-grid uagb-block-73f50c5d alignfull uagb-is-root-container\">\n<div class=\"wp-block-uagb-advanced-heading uagb-block-cec9cefc pulso-manual\"><h4 class=\"uagb-heading-text\">Cos\u00ec ci si sente<strong>&nbsp;<\/strong>l'<strong> Charco Verde&nbsp;<\/strong>oggi<\/h4><p class=\"uagb-desc-text\">\ud83d\udc49 Che sensazione ti trasmette in questo momento?<\/p><\/div>\n\n\n\n<p class=\"has-ast-global-color-7-color has-text-color has-link-color has-small-font-size pulso-texto\">\nIl Pulso riflette come viene percepito questo luogo in questo momento.\n<\/p>\n<\/div>\n\n\n\n<div class=\"wp-block-uagb-container uagb-layout-grid uagb-block-d551bbdc alignfull uagb-is-root-container\"><div class=\"uagb-container-inner-blocks-wrap\">\n<div class=\"wp-block-uagb-container pulso-opzione pulso-perfetto uagb-layout-flex uagb-block-276c94d9 default uagb-is-root-container\">\n<figure class=\"wp-block-image aligncenter size-full is-resized\" style=\"margin-top:0;margin-right:0;margin-bottom:0;margin-left:0\"><img decoding=\"async\" width=\"938\" height=\"469\" src=\"https:\/\/canariaslife.com\/wp-content\/uploads\/2026\/02\/Dia-perfecto.webp\" alt=\"\" class=\"wp-image-163737\" style=\"width:250px;height:auto\" srcset=\"https:\/\/canariaslife.com\/wp-content\/uploads\/2026\/02\/Dia-perfecto.webp 938w, https:\/\/canariaslife.com\/wp-content\/uploads\/2026\/02\/Dia-perfecto-300x150.webp 300w, https:\/\/canariaslife.com\/wp-content\/uploads\/2026\/02\/Dia-perfecto-768x384.webp 768w\" sizes=\"(max-width: 938px) 100vw, 938px\" \/><\/figure>\n\n\n\n<div class=\"wp-block-uagb-advanced-heading uagb-block-4fd6aa91\"><h5 class=\"uagb-heading-text\"><strong>Giornata perfetta<\/strong><\/h5><\/div>\n<\/div>\n\n\n\n<div class=\"wp-block-uagb-container pulso-opzione pulso-viento uagb-block-b2b18623 alignfull uagb-is-root-container\"><div class=\"uagb-container-inner-blocks-wrap\">\n<figure class=\"wp-block-image aligncenter size-full is-resized\"><img decoding=\"async\" width=\"938\" height=\"469\" src=\"https:\/\/canariaslife.com\/wp-content\/uploads\/2026\/02\/Mucho-viento.webp\" alt=\"\" class=\"wp-image-163738\" style=\"width:250px;height:auto\" srcset=\"https:\/\/canariaslife.com\/wp-content\/uploads\/2026\/02\/Mucho-viento.webp 938w, https:\/\/canariaslife.com\/wp-content\/uploads\/2026\/02\/Mucho-viento-300x150.webp 300w, https:\/\/canariaslife.com\/wp-content\/uploads\/2026\/02\/Mucho-viento-768x384.webp 768w\" sizes=\"(max-width: 938px) 100vw, 938px\" \/><\/figure>\n\n\n\n<div class=\"wp-block-uagb-advanced-heading uagb-block-7ea1fa32\"><h5 class=\"uagb-heading-text\"><strong>Molto vento<\/strong><\/h5><\/div>\n<\/div><\/div>\n\n\n\n<div class=\"wp-block-uagb-container pulso-opzione pulso-mar uagb-block-522ed9d8 alignfull uagb-is-root-container\"><div class=\"uagb-container-inner-blocks-wrap\">\n<figure class=\"wp-block-image aligncenter size-full is-resized\"><img decoding=\"async\" width=\"938\" height=\"469\" src=\"https:\/\/canariaslife.com\/wp-content\/uploads\/2026\/02\/Mar-movido.webp\" alt=\"\" class=\"wp-image-163739\" style=\"width:250px;height:auto\" srcset=\"https:\/\/canariaslife.com\/wp-content\/uploads\/2026\/02\/Mar-movido.webp 938w, https:\/\/canariaslife.com\/wp-content\/uploads\/2026\/02\/Mar-movido-300x150.webp 300w, https:\/\/canariaslife.com\/wp-content\/uploads\/2026\/02\/Mar-movido-768x384.webp 768w\" sizes=\"(max-width: 938px) 100vw, 938px\" \/><\/figure>\n\n\n\n<div class=\"wp-block-uagb-advanced-heading uagb-block-012ede8d\"><h5 class=\"uagb-heading-text\"><strong>Mare mosso<\/strong><\/h5><\/div>\n<\/div><\/div>\n\n\n\n<div class=\"wp-block-uagb-container pulso-opzione pulso-tranquilo uagb-layout-flex uagb-block-4a5309d1 alignfull uagb-is-root-container\"><div class=\"uagb-container-inner-blocks-wrap\">\n<figure class=\"wp-block-image aligncenter size-full is-resized\"><img decoding=\"async\" width=\"938\" height=\"469\" src=\"https:\/\/canariaslife.com\/wp-content\/uploads\/2026\/02\/Muy-tranquilo.webp\" alt=\"\" class=\"wp-image-163740\" style=\"width:250px;height:auto\" srcset=\"https:\/\/canariaslife.com\/wp-content\/uploads\/2026\/02\/Muy-tranquilo.webp 938w, https:\/\/canariaslife.com\/wp-content\/uploads\/2026\/02\/Muy-tranquilo-300x150.webp 300w, https:\/\/canariaslife.com\/wp-content\/uploads\/2026\/02\/Muy-tranquilo-768x384.webp 768w\" sizes=\"(max-width: 938px) 100vw, 938px\" \/><\/figure>\n\n\n\n<div class=\"wp-block-uagb-advanced-heading uagb-block-db59c8ad\"><h5 class=\"uagb-heading-text\"><strong>Molto tranquillo<\/strong><\/h5><\/div>\n<\/div><\/div>\n\n\n\n<div class=\"wp-block-uagb-container pulso-opzione pulso-paseo uagb-block-0f14bf83 default uagb-is-root-container\">\n<figure class=\"wp-block-image aligncenter size-full is-resized\"><img decoding=\"async\" width=\"938\" height=\"469\" src=\"https:\/\/canariaslife.com\/wp-content\/uploads\/2026\/02\/Ideal-para-paseo.webp\" alt=\"\" class=\"wp-image-163741\" style=\"width:250px;height:auto\" srcset=\"https:\/\/canariaslife.com\/wp-content\/uploads\/2026\/02\/Ideal-para-paseo.webp 938w, https:\/\/canariaslife.com\/wp-content\/uploads\/2026\/02\/Ideal-para-paseo-300x150.webp 300w, https:\/\/canariaslife.com\/wp-content\/uploads\/2026\/02\/Ideal-para-paseo-768x384.webp 768w\" sizes=\"(max-width: 938px) 100vw, 938px\" \/><\/figure>\n\n\n\n<div class=\"wp-block-uagb-advanced-heading uagb-block-3a8c7029\"><h5 class=\"uagb-heading-text\"><strong>passeggiata Ideale  <\/strong><\/h5><\/div>\n<\/div>\n\n\n\n<div class=\"wp-block-uagb-container pulso-opzione pulso-variable uagb-block-12c04802 default uagb-is-root-container\">\n<figure class=\"wp-block-image size-full is-resized\"><img decoding=\"async\" width=\"938\" height=\"469\" src=\"https:\/\/canariaslife.com\/wp-content\/uploads\/2026\/02\/inestable.webp\" alt=\"\" class=\"wp-image-164163\" style=\"width:250px;height:auto\" srcset=\"https:\/\/canariaslife.com\/wp-content\/uploads\/2026\/02\/inestable.webp 938w, https:\/\/canariaslife.com\/wp-content\/uploads\/2026\/02\/inestable-300x150.webp 300w, https:\/\/canariaslife.com\/wp-content\/uploads\/2026\/02\/inestable-768x384.webp 768w\" sizes=\"(max-width: 938px) 100vw, 938px\" \/><\/figure>\n\n\n\n<div class=\"wp-block-uagb-advanced-heading uagb-block-385760df\"><h5 class=\"uagb-heading-text\"><strong>Giornata variabile<\/strong><\/h5><\/div>\n<\/div>\n<\/div><\/div>\n\n\n\n<div class=\"wp-block-uagb-container uagb-layout-grid uagb-block-dfbe9d01 default uagb-is-root-container\">\n<div id=\"pulso-risultato\" style=\"margin-top:20px; text-align:center; font-weight:500;\"><\/div>\n\n\n\n<div class=\"wp-block-uagb-separator uagb-block-72e0eb00\"><div class=\"wp-block-uagb-separator__inner\" style=\"--my-background-image:\"><\/div><\/div>\n<\/div>\n<\/div>\n\n\n\n<div class=\"wp-block-uagb-container uagb-block-14e4f9aa alignfull uagb-is-root-container\"><div class=\"uagb-container-inner-blocks-wrap\">\n<div id=\"abertura-auto-cercanas-plugin\" data-no-translation=\"\"><\/div>\n<\/div><\/div>\n\n\n\n<div class=\"wp-block-uagb-container uagb-block-819e65dc default uagb-is-root-container\">\n<h2 id=\"h-la-playa-del-charco-verde-en-la-palma-arena-negra-y-aguas-medicinales\" class=\"wp-block-heading\">La spiaggia di Charco Verde a La Palma: arena nera e acque medicinali<\/h2>\n\n\n\n<p class=\"wp-block-paragraph\">Nel sud-ovest di <strong>La Palma<\/strong>, ai piedi di una scogliera circondata da bananeti, la spiaggia di <strong>Charco Verde (Los Llanos de Aridane)<\/strong> \u00e8 una delle calette pi\u00f9 autentiche e amate dai residenti dell'isola. La sua arena nera vulcanica, le sue acque che virano al verde a seconda della luce del giorno \u2014 da qui il suo nome \u2014 e i piccoli pozzi d'acqua medicinale conosciuti come <strong>Bagni del Charco Verde<\/strong> la rendono un luogo con un carattere unico sulla costa ovest di La Palma.<\/p>\n\n\n\n<p class=\"wp-block-paragraph\">La nostra&nbsp;<a href=\"https:\/\/canariaslife.com\/it\/webcam-di-la-palma\/los-llanos-de-aridane\/charco-verde\/\">camera in diretta del Charco Verde<\/a>&nbsp;mostra in tempo reale la spiaggia e il mare, permettendoti di vedere lo stato delle onde e il colore dell'acqua prima di uscire. \u00c8 particolarmente utile nei giorni ventosi, quando il mare pu\u00f2 essere pi\u00f9 mosso del solito in questo tratto della costa ovest di&nbsp;<strong>La Palma<\/strong>.<\/p>\n\n\n\n<div class=\"wp-block-uagb-image alignleft uagb-block-057f317b wp-block-uagb-image--layout-default wp-block-uagb-image--effect-static wp-block-uagb-image--align-left\"><figure class=\"wp-block-uagb-image__figure\"><img decoding=\"async\" src=\"https:\/\/canariaslife.com\/wp-content\/uploads\/2026\/08\/Charco-Verde-La-Palma-1024x768.jpg\" alt=\"Charco Verde La Palma spiaggia sabbia nera vulcanica scogliere banane\" class=\"uag-image-173287\" width=\"600\" height=\"1200\" title=\"Charco Verde La Palma\" loading=\"lazy\" role=\"img\" \/><\/figure><\/div>\n\n\n\n<h2 id=\"h-como-es-el-charco-verde-en-la-palma\" class=\"wp-block-heading\">Com'\u00e8 il Charco Verde a La Palma<\/h2>\n\n\n\n<p class=\"wp-block-paragraph\">La spiaggia di&nbsp;<strong>Charco Verde (La Palma)<\/strong>&nbsp;\u00e8 una caletta di arena nera vulcanica di circa 250 metri di lunghezza e 10 metri di larghezza, situata ai piedi di una scogliera nel comune di Los Llanos de Aridane. La sua forma a mezzaluna la protegge parzialmente dalle onde, anche se il mare pu\u00f2 essere moderato e si raccomanda di entrare con cautela nei giorni di maggiore vento. Il lato sud della caletta \u00e8 il pi\u00f9 tranquillo e il pi\u00f9 adatto per il bagno in famiglia. Nonostante il suo carattere isolato, la spiaggia ha la bandiera blu ed \u00e8 molto ben attrezzata: docce all'aperto, bagni, chiosco con terrazza, ombrelloni, area ricreativa con tavoli e panchine, parcheggio non sorvegliato con tra 50 e 100 posti, accesso adattato con rampe e passerelle in legno per persone con mobilit\u00e0 ridotta e passeggini.<\/p>\n\n\n\n<p class=\"wp-block-paragraph\">Uno dei suoi tratti pi\u00f9 singolari sono le rocce coperte di alghe che costeggiano la riva e danno quel colore verde caratteristico all'acqua. Inoltre, attorno alla spiaggia ci sono piccoli pozzi noti popolarmente come&nbsp;<strong>Bagni del Charco Verde<\/strong>, le cui acque sono state considerate medicinali fin dall'antichit\u00e0. D'altra parte, il paesaggio che circonda la caletta \u2014 scogliere vulcaniche, bananeti a pochi passi dalla sabbia e l'Atlantico aperto \u2014 crea un'immagine molto palmense che risulta difficile da dimenticare. Prima di uscire, consulta i nostri&nbsp;<a href=\"https:\/\/canariaslife.com\/it\/webcam-di-la-palma\/los-llanos-de-aridane\/\">camere in diretta<\/a>&nbsp;per controllare lo stato reale del mare in quel momento.<\/p>\n\n\n\n<div class=\"wp-block-uagb-image alignleft uagb-block-2e470159 wp-block-uagb-image--layout-default wp-block-uagb-image--effect-static wp-block-uagb-image--align-left\"><figure class=\"wp-block-uagb-image__figure\"><img decoding=\"async\" src=\"https:\/\/canariaslife.com\/wp-content\/uploads\/2026\/08\/Charco-Verde-aguas-verdes.jpg\" alt=\"Charco Verde La Palma acque verdi rocce alghe tramonto costa ovest\" class=\"uag-image-173290\" width=\"600\" height=\"427\" title=\"Charco Verde acque verdi\" loading=\"lazy\" role=\"img\" \/><\/figure><\/div>\n\n\n\n<h2 id=\"h-charco-verde-la-palma-que-hacer-y-como-llegar\" class=\"wp-block-heading\">Charco Verde La Palma: cosa fare e come arrivare<\/h2>\n\n\n\n<p class=\"wp-block-paragraph\">Oltre al bagno e allo snorkeling tra le rocce, il&nbsp;<strong>Charco Verde (La Palma)<\/strong>&nbsp;\u00e8 un punto di partenza ideale per esplorare la costa ovest del comune di Los Llanos di Aridane. Verso nord, a due chilometri, si trova la spiaggia di Puerto Naos, la pi\u00f9 grande del sud-ovest dell'isola, con tutti i servizi di una spiaggia urbana. Verso sud, la strada costiera continua fino a El Remo, un piccolo porto di pescatori con un ristorante di pesce fresco apprezzato dai residenti. Entrambe le destinazioni possono essere visitate nello stesso giorno combinandole con una sosta nel&nbsp;<a href=\"https:\/\/es.wikipedia.org\/wiki\/Los_Llanos_de_Aridane\">centro urbano di Los Llanos di Aridane<\/a>, la citt\u00e0 pi\u00f9 popolosa di La Palma, con il suo vivace mercato e la sua piazza alberata.<\/p>\n\n\n\n<p class=\"wp-block-paragraph\">Per arrivare al&nbsp;<strong>Charco Verde<\/strong>&nbsp;da Los Llanos de Aridane si prende la strada LP-2 in direzione sud fino alla zona di Puerto Naos e da l\u00ec si prosegue per la LP-214 fino al parcheggio della spiaggia, in un percorso di circa quindici minuti. La linea di autobus numero 24 collega Los Llanos de Aridane con la spiaggia, anche se con frequenza ridotta. Si consiglia di portare scarpini per camminare sulle aree rocciose della riva. Se vuoi continuare a scoprire l'ovest dell'isola, consulta anche le&nbsp;<a href=\"https:\/\/canariaslife.com\/it\/webcam-di-la-palma\/\">camere in diretta di La Palma<\/a>&nbsp;su CanariasLife.<\/p>\n\n\n\n<div class=\"wp-block-uagb-image alignleft uagb-block-454aaea7 wp-block-uagb-image--layout-default wp-block-uagb-image--effect-static wp-block-uagb-image--align-left\"><figure class=\"wp-block-uagb-image__figure\"><img decoding=\"async\" src=\"https:\/\/canariaslife.com\/wp-content\/uploads\/2026\/08\/Charco-Verde-La-Palma-atardecer-1024x473.jpg\" alt=\"\" class=\"uag-image-173292\" width=\"600\" height=\"1391\" title=\"Charco Verde La Palma tramonto\" loading=\"lazy\" role=\"img\" \/><\/figure><\/div>\n\n\n\n<h2 id=\"h-el-charco-verde-responde\" class=\"wp-block-heading\">Il Charco Verde risponde<\/h2>\n\n\n\n<p class=\"wp-block-paragraph\"><strong>Cosa si vede nella camera in diretta del Charco Verde su CanariasLife?<\/strong><br>La telecamera mostra in tempo reale la spiaggia e il mare del Charco Verde. Puoi vedere lo stato delle onde e il colore dell'acqua prima di uscire, il che \u00e8 particolarmente utile nei giorni di vento quando il mare pu\u00f2 essere pi\u00f9 mosso del solito.<\/p>\n\n\n\n<p class=\"wp-block-paragraph\"><strong>Com'\u00e8 la spiaggia del Charco Verde a La Palma?<\/strong><br>\u00c8 una cala di sabbia nera vulcanica lunga circa 250 metri, circondata da scogliere e bananeti, con bandiera blu e molto ben attrezzata nonostante il suo carattere isolato. Le sue acque acquistano tonalit\u00e0 verdastre grazie alle rocce coperte di alghe che costeggiano la riva, da cui deriva il suo nome.<\/p>\n\n\n\n<p class=\"wp-block-paragraph\"><strong>Cosa sono i Bagni del Charco Verde?<\/strong><br>Sono piccoli pozzi naturali situati nei dintorni della spiaggia le cui acque sono state considerate medicinali sin dall'antichit\u00e0. Sono uno degli elementi pi\u00f9 singolari e meno conosciuti di questo angolo della costa ovest di La Palma.<\/p>\n\n\n\n<p class=\"wp-block-paragraph\"><strong>\u00c8 sicura per nuotare la spiaggia del Charco Verde?<\/strong><br>In generale s\u00ec, specialmente sul lato sud della cala, il pi\u00f9 tranquillo. Tuttavia, il mare pu\u00f2 essere moderato e si consiglia di entrare con cautela nei giorni di vento. Consulta la camera in diretta prima di uscire per vedere lo stato del mare in quel momento. Si consigliano le scarpette nelle zone rocciose.<\/p>\n\n\n\n<p class=\"wp-block-paragraph\"><strong>Quando \u00e8 meglio visitare il Charco Verde?<\/strong><br>Al mattino per nuotare, durante il giorno per prendere il sole o al tramonto per godere della vista: la caletta \u00e8 piacevole a qualsiasi ora. Il periodo pi\u00f9 tranquillo \u00e8 fuori stagione alta, quando la spiaggia ha un'occupazione media-bassa.<\/p>\n\n\n\n<p class=\"wp-block-paragraph\"><strong>Come arrivare al Charco Verde da Los Llanos de Aridane?<\/strong><br>Si prende la LP-2 in direzione sud fino a Puerto Naos e da l\u00ec la LP-214 fino al parcheggio della spiaggia, in circa quindici minuti in auto. La linea di autobus numero 24 collega anche Los Llanos de Aridane con la spiaggia, sebbene con frequenza ridotta.<\/p>\n<\/div>\n\n\n\n<div class=\"wp-block-uagb-container uagb-block-ace280f5 default uagb-is-root-container\">\n<div class=\"wp-block-uagb-container uagb-block-8b26083b\">\n<div class=\"wp-block-uagb-buttons uagb-buttons__outer-wrap uagb-btn__medium-btn uagb-btn-tablet__default-btn uagb-btn-mobile__default-btn uagb-block-507f9d23\"><div class=\"uagb-buttons__wrap uagb-buttons-layout-wrap\">\n<div class=\"wp-block-uagb-buttons-child uagb-buttons__outer-wrap uagb-block-cca2da94 wp-block-button\"><div class=\"uagb-button__wrapper\"><a class=\"uagb-buttons-repeater wp-block-button__link\" aria-label=\"\" href=\"https:\/\/canariaslife.com\/it\/webcam-di-la-palma\/\" rel=\"follow noopener\" target=\"_self\" role=\"button\"><span class=\"uagb-button__icon uagb-button__icon-position-before\"><svg xmlns=\"https:\/\/www.w3.org\/2000\/svg\" viewbox=\"0 0 256 512\" aria-hidden=\"true\" focussable=\"false\"><path d=\"M192 448c-8.188 0-16.38-3.125-22.62-9.375l-160-160c-12.5-12.5-12.5-32.75 0-45.25l160-160c12.5-12.5 32.75-12.5 45.25 0s12.5 32.75 0 45.25L77.25 256l137.4 137.4c12.5 12.5 12.5 32.75 0 45.25C208.4 444.9 200.2 448 192 448z\"><\/path><\/svg><\/span><div class=\"uagb-button__link\">La Palma<\/div><\/a><\/div><\/div>\n<\/div><\/div>\n<\/div>\n\n\n\n<div class=\"wp-block-uagb-container uagb-layout-flex uagb-block-0055e946\">\n<div class=\"wp-block-uagb-buttons uagb-buttons__outer-wrap uagb-btn__medium-btn uagb-btn-tablet__default-btn uagb-btn-mobile__default-btn uagb-block-c768dbbf\"><div class=\"uagb-buttons__wrap uagb-buttons-layout-wrap\">\n<div class=\"wp-block-uagb-buttons-child uagb-buttons__outer-wrap uagb-block-73c76c1b wp-block-button\"><div class=\"uagb-button__wrapper\"><a class=\"uagb-buttons-repeater wp-block-button__link\" aria-label=\"\" href=\"https:\/\/canariaslife.com\/it\/webcam-di-la-palma\/los-llanos-de-aridane\/\" rel=\"follow noopener\" target=\"_self\" role=\"button\"><div class=\"uagb-button__link\">Los Llanos A.<\/div><span class=\"uagb-button__icon uagb-button__icon-position-after\"><svg xmlns=\"https:\/\/www.w3.org\/2000\/svg\" viewbox=\"0 0 256 512\" aria-hidden=\"true\" focussable=\"false\"><path d=\"M64 448c-8.188 0-16.38-3.125-22.62-9.375c-12.5-12.5-12.5-32.75 0-45.25L178.8 256L41.38 118.6c-12.5-12.5-12.5-32.75 0-45.25s32.75-12.5 45.25 0l160 160c12.5 12.5 12.5 32.75 0 45.25l-160 160C80.38 444.9 72.19 448 64 448z\"><\/path><\/svg><\/span><\/a><\/div><\/div>\n<\/div><\/div>\n<\/div>\n<\/div>\n\n\n\n<div class=\"wp-block-uagb-separator uagb-block-b727d89b\"><div class=\"uagb-separator-spacing-wrapper\"><div class=\"wp-block-uagb-separator__inner\" style=\"--my-background-image:\"><\/div><\/div><\/div>","protected":false},"excerpt":{"rendered":"<p>Charco Verde La Palma&nbsp;en Tiempo Real Arena negra, aguas medicinales y acantilados en la costa [&hellip;]<\/p>\n","protected":false},"author":1,"featured_media":173305,"parent":1579,"menu_order":4,"comment_status":"closed","ping_status":"closed","template":"","meta":{"_uag_custom_page_level_css":"","site-sidebar-layout":"default","site-content-layout":"","ast-site-content-layout":"","site-content-style":"default","site-sidebar-style":"default","ast-global-header-display":"","ast-banner-title-visibility":"","ast-main-header-display":"","ast-hfb-above-header-display":"","ast-hfb-below-header-display":"","ast-hfb-mobile-header-display":"","site-post-title":"disabled","ast-breadcrumbs-content":"","ast-featured-img":"disabled","footer-sml-layout":"","ast-disable-related-posts":"","theme-transparent-header-meta":"","adv-header-id-meta":"","stick-header-meta":"","header-above-stick-meta":"","header-main-stick-meta":"","header-below-stick-meta":"","astra-migrate-meta-layouts":"default","ast-page-background-enabled":"default","ast-page-background-meta":{"desktop":{"background-color":"var(--ast-global-color-4)","background-image":"","background-repeat":"repeat","background-position":"center center","background-size":"auto","background-attachment":"scroll","background-type":"","background-media":"","overlay-type":"","overlay-color":"","overlay-opacity":"","overlay-gradient":""},"tablet":{"background-color":"","background-image":"","background-repeat":"repeat","background-position":"center center","background-size":"auto","background-attachment":"scroll","background-type":"","background-media":"","overlay-type":"","overlay-color":"","overlay-opacity":"","overlay-gradient":""},"mobile":{"background-color":"","background-image":"","background-repeat":"repeat","background-position":"center center","background-size":"auto","background-attachment":"scroll","background-type":"","background-media":"","overlay-type":"","overlay-color":"","overlay-opacity":"","overlay-gradient":""}},"ast-content-background-meta":{"desktop":{"background-color":"var(--ast-global-color-5)","background-image":"","background-repeat":"repeat","background-position":"center center","background-size":"auto","background-attachment":"scroll","background-type":"","background-media":"","overlay-type":"","overlay-color":"","overlay-opacity":"","overlay-gradient":""},"tablet":{"background-color":"var(--ast-global-color-5)","background-image":"","background-repeat":"repeat","background-position":"center center","background-size":"auto","background-attachment":"scroll","background-type":"","background-media":"","overlay-type":"","overlay-color":"","overlay-opacity":"","overlay-gradient":""},"mobile":{"background-color":"var(--ast-global-color-5)","background-image":"","background-repeat":"repeat","background-position":"center center","background-size":"auto","background-attachment":"scroll","background-type":"","background-media":"","overlay-type":"","overlay-color":"","overlay-opacity":"","overlay-gradient":""}},"footnotes":""},"categories":[3612],"tags":[13002,12999,13001,13000,12998],"folder":[11],"class_list":["post-173282","page","type-page","status-publish","has-post-thumbnail","hentry","category-webcam","tag-camara-en-directo-costa-oeste-la-palma","tag-camara-online-los-llanos-de-aridane","tag-camara-web-playa-charco-verde","tag-ver-charco-verde-en-tiempo-real","tag-webcam-charco-verde-la-palma"],"yoast_head":"<!-- This site is optimized with the Yoast SEO Premium plugin v28.4 (Yoast SEO v28.4) - https:\/\/yoast.com\/product\/yoast-seo-premium-wordpress\/ -->\n<title>Charco Verde La Palma en vivo: playa volc\u00e1nica | CanariasLife<\/title>\n<meta name=\"description\" content=\"El Charco Verde en La Palma: playa de arena negra volc\u00e1nica con bandera azul, aguas medicinales y vistas \u00fanicas a los acantilados. Live!\" \/>\n<meta name=\"robots\" content=\"index, follow, max-snippet:-1, max-image-preview:large, max-video-preview:-1\" \/>\n<link rel=\"canonical\" href=\"https:\/\/canariaslife.com\/it\/webcam-di-la-palma\/los-llanos-de-aridane\/charco-verde\/\" \/>\n<meta property=\"og:locale\" content=\"it_IT\" \/>\n<meta property=\"og:type\" content=\"article\" \/>\n<meta property=\"og:title\" content=\"En tiempo real: Charco Verde - Los Llanos de Aridane, La Palma | CanariasLife\" \/>\n<meta property=\"og:description\" content=\"El Charco Verde en La Palma: playa de arena negra volc\u00e1nica con bandera azul, aguas medicinales y vistas \u00fanicas a los acantilados. Live!\" \/>\n<meta property=\"og:url\" content=\"https:\/\/canariaslife.com\/it\/webcam-di-la-palma\/los-llanos-de-aridane\/charco-verde\/\" \/>\n<meta property=\"og:site_name\" content=\"CanariasLife webcams\" \/>\n<meta property=\"article:publisher\" content=\"https:\/\/www.facebook.com\/CanariasLifeW\" \/>\n<meta property=\"article:modified_time\" content=\"2026-09-03T15:19:56+00:00\" \/>\n<meta property=\"og:image\" content=\"https:\/\/canariaslife.com\/wp-content\/uploads\/2026\/08\/Charco-Verde-Los-Llanos-de-Aridane-La-Palma.webp\" \/>\n\t<meta property=\"og:image:width\" content=\"1200\" \/>\n\t<meta property=\"og:image:height\" content=\"628\" \/>\n\t<meta property=\"og:image:type\" content=\"image\/webp\" \/>\n<meta name=\"twitter:card\" content=\"summary_large_image\" \/>\n<meta name=\"twitter:site\" content=\"@CanariasLifeW\" \/>\n<meta name=\"twitter:label1\" content=\"Tempo di lettura stimato\" \/>\n\t<meta name=\"twitter:data1\" content=\"8 minuti\" \/>\n<script type=\"application\/ld+json\" class=\"yoast-schema-graph\">{\"@context\":\"https:\\\/\\\/schema.org\",\"@graph\":[{\"@type\":\"WebPage\",\"@id\":\"https:\\\/\\\/canariaslife.com\\\/camaras-de-la-palma\\\/los-llanos-de-aridane\\\/charco-verde\\\/\",\"url\":\"https:\\\/\\\/canariaslife.com\\\/camaras-de-la-palma\\\/los-llanos-de-aridane\\\/charco-verde\\\/\",\"name\":\"Charco Verde La Palma en vivo: playa volc\u00e1nica | CanariasLife\",\"isPartOf\":{\"@id\":\"https:\\\/\\\/canariaslife.com\\\/#website\"},\"primaryImageOfPage\":{\"@id\":\"https:\\\/\\\/canariaslife.com\\\/camaras-de-la-palma\\\/los-llanos-de-aridane\\\/charco-verde\\\/#primaryimage\"},\"image\":{\"@id\":\"https:\\\/\\\/canariaslife.com\\\/camaras-de-la-palma\\\/los-llanos-de-aridane\\\/charco-verde\\\/#primaryimage\"},\"thumbnailUrl\":\"https:\\\/\\\/canariaslife.com\\\/wp-content\\\/uploads\\\/2026\\\/08\\\/Charco-Verde-Los-Llanos-de-Aridane-La-Palma.webp\",\"datePublished\":\"2026-08-28T09:46:40+00:00\",\"dateModified\":\"2026-09-03T15:19:56+00:00\",\"description\":\"El Charco Verde en La Palma: playa de arena negra volc\u00e1nica con bandera azul, aguas medicinales y vistas \u00fanicas a los acantilados. Live!\",\"breadcrumb\":{\"@id\":\"https:\\\/\\\/canariaslife.com\\\/camaras-de-la-palma\\\/los-llanos-de-aridane\\\/charco-verde\\\/#breadcrumb\"},\"inLanguage\":\"it-IT\",\"potentialAction\":[{\"@type\":\"ReadAction\",\"target\":[\"https:\\\/\\\/canariaslife.com\\\/camaras-de-la-palma\\\/los-llanos-de-aridane\\\/charco-verde\\\/\"]}]},{\"@type\":\"ImageObject\",\"inLanguage\":\"it-IT\",\"@id\":\"https:\\\/\\\/canariaslife.com\\\/camaras-de-la-palma\\\/los-llanos-de-aridane\\\/charco-verde\\\/#primaryimage\",\"url\":\"https:\\\/\\\/canariaslife.com\\\/wp-content\\\/uploads\\\/2026\\\/08\\\/Charco-Verde-Los-Llanos-de-Aridane-La-Palma.webp\",\"contentUrl\":\"https:\\\/\\\/canariaslife.com\\\/wp-content\\\/uploads\\\/2026\\\/08\\\/Charco-Verde-Los-Llanos-de-Aridane-La-Palma.webp\",\"width\":1200,\"height\":628,\"caption\":\"Playa de Charco Verde, en Los Llanos de Aridane, La Palma, con arena negra, sombrillas de paja, zona de ba\u00f1o y acantilados volc\u00e1nicos junto al mar.\"},{\"@type\":\"BreadcrumbList\",\"@id\":\"https:\\\/\\\/canariaslife.com\\\/camaras-de-la-palma\\\/los-llanos-de-aridane\\\/charco-verde\\\/#breadcrumb\",\"itemListElement\":[{\"@type\":\"ListItem\",\"position\":1,\"name\":\"inicio\",\"item\":\"https:\\\/\\\/canariaslife.com\\\/\"},{\"@type\":\"ListItem\",\"position\":2,\"name\":\"La Palma\",\"item\":\"https:\\\/\\\/canariaslife.com\\\/camaras-de-la-palma\\\/\"},{\"@type\":\"ListItem\",\"position\":3,\"name\":\"Los Llanos de Aridane\",\"item\":\"https:\\\/\\\/canariaslife.com\\\/camaras-de-la-palma\\\/los-llanos-de-aridane\\\/\"},{\"@type\":\"ListItem\",\"position\":4,\"name\":\"Charco Verde\"}]},{\"@type\":\"WebSite\",\"@id\":\"https:\\\/\\\/canariaslife.com\\\/#website\",\"url\":\"https:\\\/\\\/canariaslife.com\\\/\",\"name\":\"https:\\\/\\\/canariaslife.com\",\"description\":\"CanariasLife c\u00e1maras web en vivo de las Islas Canarias\",\"publisher\":{\"@id\":\"https:\\\/\\\/canariaslife.com\\\/#organization\"},\"alternateName\":\"webcams en vivo de Canarias\",\"potentialAction\":[{\"@type\":\"SearchAction\",\"target\":{\"@type\":\"EntryPoint\",\"urlTemplate\":\"https:\\\/\\\/canariaslife.com\\\/?s={search_term_string}\"},\"query-input\":{\"@type\":\"PropertyValueSpecification\",\"valueRequired\":true,\"valueName\":\"search_term_string\"}}],\"inLanguage\":\"it-IT\"},{\"@type\":\"Organization\",\"@id\":\"https:\\\/\\\/canariaslife.com\\\/#organization\",\"name\":\"CanariasLife webcams\",\"url\":\"https:\\\/\\\/canariaslife.com\\\/\",\"logo\":{\"@type\":\"ImageObject\",\"inLanguage\":\"it-IT\",\"@id\":\"https:\\\/\\\/canariaslife.com\\\/#\\\/schema\\\/logo\\\/image\\\/\",\"url\":\"https:\\\/\\\/canariaslife.com\\\/wp-content\\\/uploads\\\/2024\\\/12\\\/cropped-Favicon.jpg\",\"contentUrl\":\"https:\\\/\\\/canariaslife.com\\\/wp-content\\\/uploads\\\/2024\\\/12\\\/cropped-Favicon.jpg\",\"width\":512,\"height\":512,\"caption\":\"CanariasLife webcams\"},\"image\":{\"@id\":\"https:\\\/\\\/canariaslife.com\\\/#\\\/schema\\\/logo\\\/image\\\/\"},\"sameAs\":[\"https:\\\/\\\/www.facebook.com\\\/CanariasLifeW\",\"https:\\\/\\\/x.com\\\/CanariasLifeW\",\"https:\\\/\\\/www.instagram.com\\\/canariaslifewebcams\\\/\"],\"description\":\"CanariasLife ofrece transmisiones en vivo a trav\u00e9s de webcams de las Islas Canarias, mostrando paisajes, playas y puntos de inter\u00e9s en tiempo real para turistas y amantes de las islas.\",\"legalName\":\"CanariasLife webcams\",\"numberOfEmployees\":{\"@type\":\"QuantitativeValue\",\"minValue\":\"1\",\"maxValue\":\"10\"}}]}<\/script>\n<!-- \/ Yoast SEO Premium plugin. -->","yoast_head_json":{"title":"Charco Verde La Palma in diretta: spiaggia vulcanica | CanariasLife","description":"Il Charco Verde a La Palma: spiaggia di sabbia nera vulcanica con bandiera blu, acque medicinali e vista unica sulle scogliere. Live!","robots":{"index":"index","follow":"follow","max-snippet":"max-snippet:-1","max-image-preview":"max-image-preview:large","max-video-preview":"max-video-preview:-1"},"canonical":"https:\/\/canariaslife.com\/it\/webcam-di-la-palma\/los-llanos-de-aridane\/charco-verde\/","og_locale":"it_IT","og_type":"article","og_title":"En tiempo real: Charco Verde - Los Llanos de Aridane, La Palma | CanariasLife","og_description":"El Charco Verde en La Palma: playa de arena negra volc\u00e1nica con bandera azul, aguas medicinales y vistas \u00fanicas a los acantilados. Live!","og_url":"https:\/\/canariaslife.com\/it\/webcam-di-la-palma\/los-llanos-de-aridane\/charco-verde\/","og_site_name":"CanariasLife webcams","article_publisher":"https:\/\/www.facebook.com\/CanariasLifeW","article_modified_time":"2026-09-03T15:19:56+00:00","og_image":[{"width":1200,"height":628,"url":"https:\/\/canariaslife.com\/wp-content\/uploads\/2026\/08\/Charco-Verde-Los-Llanos-de-Aridane-La-Palma.webp","type":"image\/webp"}],"twitter_card":"summary_large_image","twitter_site":"@CanariasLifeW","twitter_misc":{"Tempo di lettura stimato":"8 minuti"},"schema":{"@context":"https:\/\/schema.org","@graph":[{"@type":"WebPage","@id":"https:\/\/canariaslife.com\/camaras-de-la-palma\/los-llanos-de-aridane\/charco-verde\/","url":"https:\/\/canariaslife.com\/camaras-de-la-palma\/los-llanos-de-aridane\/charco-verde\/","name":"Charco Verde La Palma in diretta: spiaggia vulcanica | CanariasLife","isPartOf":{"@id":"https:\/\/canariaslife.com\/#website"},"primaryImageOfPage":{"@id":"https:\/\/canariaslife.com\/camaras-de-la-palma\/los-llanos-de-aridane\/charco-verde\/#primaryimage"},"image":{"@id":"https:\/\/canariaslife.com\/camaras-de-la-palma\/los-llanos-de-aridane\/charco-verde\/#primaryimage"},"thumbnailUrl":"https:\/\/canariaslife.com\/wp-content\/uploads\/2026\/08\/Charco-Verde-Los-Llanos-de-Aridane-La-Palma.webp","datePublished":"2026-08-28T09:46:40+00:00","dateModified":"2026-09-03T15:19:56+00:00","description":"Il Charco Verde a La Palma: spiaggia di sabbia nera vulcanica con bandiera blu, acque medicinali e vista unica sulle scogliere. Live!","breadcrumb":{"@id":"https:\/\/canariaslife.com\/camaras-de-la-palma\/los-llanos-de-aridane\/charco-verde\/#breadcrumb"},"inLanguage":"it-IT","potentialAction":[{"@type":"ReadAction","target":["https:\/\/canariaslife.com\/camaras-de-la-palma\/los-llanos-de-aridane\/charco-verde\/"]}]},{"@type":"ImageObject","inLanguage":"it-IT","@id":"https:\/\/canariaslife.com\/camaras-de-la-palma\/los-llanos-de-aridane\/charco-verde\/#primaryimage","url":"https:\/\/canariaslife.com\/wp-content\/uploads\/2026\/08\/Charco-Verde-Los-Llanos-de-Aridane-La-Palma.webp","contentUrl":"https:\/\/canariaslife.com\/wp-content\/uploads\/2026\/08\/Charco-Verde-Los-Llanos-de-Aridane-La-Palma.webp","width":1200,"height":628,"caption":"Playa de Charco Verde, en Los Llanos de Aridane, La Palma, con arena negra, sombrillas de paja, zona de ba\u00f1o y acantilados volc\u00e1nicos junto al mar."},{"@type":"BreadcrumbList","@id":"https:\/\/canariaslife.com\/camaras-de-la-palma\/los-llanos-de-aridane\/charco-verde\/#breadcrumb","itemListElement":[{"@type":"ListItem","position":1,"name":"inicio","item":"https:\/\/canariaslife.com\/"},{"@type":"ListItem","position":2,"name":"La Palma","item":"https:\/\/canariaslife.com\/camaras-de-la-palma\/"},{"@type":"ListItem","position":3,"name":"Los Llanos de Aridane","item":"https:\/\/canariaslife.com\/camaras-de-la-palma\/los-llanos-de-aridane\/"},{"@type":"ListItem","position":4,"name":"Charco Verde"}]},{"@type":"WebSite","@id":"https:\/\/canariaslife.com\/#website","url":"https:\/\/canariaslife.com\/","name":"https:\/\/canariaslife.com","description":"CanariasLife webcam in diretta delle Isole Canarie","publisher":{"@id":"https:\/\/canariaslife.com\/#organization"},"alternateName":"webcams en vivo de Canarias","potentialAction":[{"@type":"SearchAction","target":{"@type":"EntryPoint","urlTemplate":"https:\/\/canariaslife.com\/?s={search_term_string}"},"query-input":{"@type":"PropertyValueSpecification","valueRequired":true,"valueName":"search_term_string"}}],"inLanguage":"it-IT"},{"@type":"Organization","@id":"https:\/\/canariaslife.com\/#organization","name":"CanariasLife webcam","url":"https:\/\/canariaslife.com\/","logo":{"@type":"ImageObject","inLanguage":"it-IT","@id":"https:\/\/canariaslife.com\/#\/schema\/logo\/image\/","url":"https:\/\/canariaslife.com\/wp-content\/uploads\/2024\/12\/cropped-Favicon.jpg","contentUrl":"https:\/\/canariaslife.com\/wp-content\/uploads\/2024\/12\/cropped-Favicon.jpg","width":512,"height":512,"caption":"CanariasLife webcams"},"image":{"@id":"https:\/\/canariaslife.com\/#\/schema\/logo\/image\/"},"sameAs":["https:\/\/www.facebook.com\/CanariasLifeW","https:\/\/x.com\/CanariasLifeW","https:\/\/www.instagram.com\/canariaslifewebcams\/"],"description":"CanariasLife offre trasmissioni dal vivo tramite webcam delle Isole Canarie, mostrando paesaggi, spiagge e punti di interesse in tempo reale per turisti e amanti delle isole.","legalName":"CanariasLife webcams","numberOfEmployees":{"@type":"QuantitativeValue","minValue":"1","maxValue":"10"}}]}},"uagb_featured_image_src":{"full":["https:\/\/canariaslife.com\/wp-content\/uploads\/2026\/08\/Charco-Verde-Los-Llanos-de-Aridane-La-Palma.webp",1200,628,false],"thumbnail":["https:\/\/canariaslife.com\/wp-content\/uploads\/2026\/08\/Charco-Verde-Los-Llanos-de-Aridane-La-Palma-150x150.webp",150,150,true],"medium":["https:\/\/canariaslife.com\/wp-content\/uploads\/2026\/08\/Charco-Verde-Los-Llanos-de-Aridane-La-Palma-300x157.webp",300,157,true],"medium_large":["https:\/\/canariaslife.com\/wp-content\/uploads\/2026\/08\/Charco-Verde-Los-Llanos-de-Aridane-La-Palma-768x402.webp",768,402,true],"large":["https:\/\/canariaslife.com\/wp-content\/uploads\/2026\/08\/Charco-Verde-Los-Llanos-de-Aridane-La-Palma-1024x536.webp",1024,536,true],"1536x1536":["https:\/\/canariaslife.com\/wp-content\/uploads\/2026\/08\/Charco-Verde-Los-Llanos-de-Aridane-La-Palma.webp",1200,628,false],"2048x2048":["https:\/\/canariaslife.com\/wp-content\/uploads\/2026\/08\/Charco-Verde-Los-Llanos-de-Aridane-La-Palma.webp",1200,628,false],"trp-custom-language-flag":["https:\/\/canariaslife.com\/wp-content\/uploads\/2026\/08\/Charco-Verde-Los-Llanos-de-Aridane-La-Palma-18x9.webp",18,9,true]},"uagb_author_info":{"display_name":"Paolo","author_link":"https:\/\/canariaslife.com\/it\/author\/paolo-agostinianigmail-com\/"},"uagb_comment_info":0,"uagb_excerpt":"Charco Verde La Palma&nbsp;en Tiempo Real Arena negra, aguas medicinales y acantilados en la costa [&hellip;]","_links":{"self":[{"href":"https:\/\/canariaslife.com\/it\/wp-json\/wp\/v2\/pages\/173282","targetHints":{"allow":["GET"]}}],"collection":[{"href":"https:\/\/canariaslife.com\/it\/wp-json\/wp\/v2\/pages"}],"about":[{"href":"https:\/\/canariaslife.com\/it\/wp-json\/wp\/v2\/types\/page"}],"author":[{"embeddable":true,"href":"https:\/\/canariaslife.com\/it\/wp-json\/wp\/v2\/users\/1"}],"replies":[{"embeddable":true,"href":"https:\/\/canariaslife.com\/it\/wp-json\/wp\/v2\/comments?post=173282"}],"version-history":[{"count":6,"href":"https:\/\/canariaslife.com\/it\/wp-json\/wp\/v2\/pages\/173282\/revisions"}],"predecessor-version":[{"id":173492,"href":"https:\/\/canariaslife.com\/it\/wp-json\/wp\/v2\/pages\/173282\/revisions\/173492"}],"up":[{"embeddable":true,"href":"https:\/\/canariaslife.com\/it\/wp-json\/wp\/v2\/pages\/1579"}],"wp:featuredmedia":[{"embeddable":true,"href":"https:\/\/canariaslife.com\/it\/wp-json\/wp\/v2\/media\/173305"}],"wp:attachment":[{"href":"https:\/\/canariaslife.com\/it\/wp-json\/wp\/v2\/media?parent=173282"}],"wp:term":[{"taxonomy":"category","embeddable":true,"href":"https:\/\/canariaslife.com\/it\/wp-json\/wp\/v2\/categories?post=173282"},{"taxonomy":"post_tag","embeddable":true,"href":"https:\/\/canariaslife.com\/it\/wp-json\/wp\/v2\/tags?post=173282"},{"taxonomy":"folder","embeddable":true,"href":"https:\/\/canariaslife.com\/it\/wp-json\/wp\/v2\/folder?post=173282"}],"curies":[{"name":"wp","href":"https:\/\/api.w.org\/{rel}","templated":true}]}}