{"id":173282,"date":"2026-08-28T10:46:40","date_gmt":"2026-08-28T09:46:40","guid":{"rendered":"https:\/\/canariaslife.com\/?page_id=173282"},"modified":"2026-09-03T16:19:56","modified_gmt":"2026-09-03T15:19:56","slug":"charco-verde","status":"publish","type":"page","link":"https:\/\/canariaslife.com\/de\/camaras-de-la-palma\/los-llanos-de-aridane\/charco-verde\/","title":{"rendered":"In Echtzeit: Charco Verde \u2013 Los Llanos de Aridane, La Palma | CanariasLife"},"content":{"rendered":"<div class=\"wp-block-uagb-container uagb-block-1367b396 alignfull uagb-is-root-container\"><div class=\"uagb-container-inner-blocks-wrap\">\n<div class=\"wp-block-uagb-advanced-heading uagb-block-4bdc2b61\"><h1 class=\"uagb-heading-text\">Charco Verde La Palma&nbsp;in Echtzeit<\/h1><p class=\"uagb-desc-text\">Schwarzer Sand, heilendes Wasser und Klippen an der Westk\u00fcste der Insel<\/p><\/div>\n<\/div><\/div>\n\n\n\n<div class=\"wp-block-uagb-container uagb-block-ca7d252f alignfull uagb-is-root-container\"><div class=\"uagb-container-inner-blocks-wrap\">    <div class=\"iframe_video\" id=\"wcam_6a9a07f715161\" data-src=\"https:\/\/www.skylinewebcams.com\/webcam\/espana\/canarias\/?w=6176&#038;autoplay=1&#038;mute=1&#038;playsinline=1\">\r\n      <img\r\n    class=\"webcam_logo\"\r\n    src=\"https:\/\/canariaslife.com\/wp-content\/uploads\/2022\/07\/logo_CL_.png\"\r\n    alt=\"CanariasLife Webcam\"\r\n    width=\"120\"\r\n    height=\"113\"\r\n    loading=\"lazy\"\r\n    decoding=\"async\"\r\n    data-no-lazy=\"1\">\r\n    <\/div>\r\n    <script>\r\n    (function() {\r\n        var container = document.getElementById('wcam_6a9a07f715161');\r\n        var observer = new IntersectionObserver(function(entries) {\r\n            entries.forEach(function(entry) {\r\n                if (entry.isIntersecting) {\r\n                    var src = container.getAttribute('data-src');\r\n                    var iframe = document.createElement('iframe');\r\n                    iframe.className = 'webcam_player';\r\n                    iframe.loading = 'eager';\r\n                    iframe.fetchPriority = 'high';\r\n                    iframe.allow = 'autoplay; fullscreen; picture-in-picture';\r\n                    iframe.allowFullscreen = true;\r\n                    iframe.setAttribute('playsinline', '');\r\n                    iframe.setAttribute('webkit-playsinline', '');\r\n                    iframe.src = src;\r\n                    iframe.title = 'Webcam en directo';\r\n                    container.insertBefore(iframe, container.querySelector('.webcam_logo'));\r\n                    observer.disconnect();\r\n                }\r\n            });\r\n        }, {\r\n            rootMargin: '200px 0px',\r\n            threshold: 0\r\n        });\r\n        observer.observe(container);\r\n    })();\r\n    <\/script>\r\n    \n\n\n\n<div class=\"nav-micro-cta\">\n    <!-- Link Isola (Sinistra) -->\n    <a href=\"https:\/\/canariaslife.com\/de\/camaras-de-la-palma\/\" class=\"cta-link cta-island\">\n        <span class=\"dashicons dashicons-location\"><\/span>\n        <span class=\"cta-text\">La Palma<\/span>\n    <\/a>\n    <!-- Spazio per il tasto Favorito centrale -->\n    <div class=\"cta-spacer\"><\/div>\n    <!-- Link Municipio (Destra) -->\n    <a href=\"https:\/\/canariaslife.com\/de\/camaras-de-la-palma\/los-llanos-de-aridane\/\" class=\"cta-link cta-town\">\n        <span class=\"dashicons dashicons-bank\"><\/span>\n        <span class=\"cta-text\">Los Llanos de Aridane<\/span>\n    <\/a>\n<\/div>\n<\/div><\/div>\n\n\n\n<div class=\"wp-block-uagb-container uagb-block-75830340 alignfull uagb-is-root-container\"><div class=\"uagb-container-inner-blocks-wrap\">\n<h6 style=\"text-align:center; margin-top:-20px;\"><div class=\"simplefavorite-button preset\" data-postid=\"173282\" data-siteid=\"1\" data-groupid=\"1\" data-favoritecount=\"85\" style=\"box-shadow:none;-webkit-box-shadow:none;-moz-box-shadow:none;background-color:#ffffff;border-color:#ffffff;color:#35a8e0;\"><i class=\"sf-icon-favorite\" style=\"color:#35a8e0;\"><\/i>Favorisieren<\/div><\/h6>\n<\/div><\/div>\n\n\n\n<div class=\"wp-block-uagb-container uagb-block-1bce129f alignfull uagb-is-root-container\"><div class=\"uagb-container-inner-blocks-wrap\">\n<div class=\"wp-block-uagb-container uagb-layout-flex uagb-block-d2d21107\">\n<div class=\"wp-block-uagb-image aligncenter uagb-block-80262984 wp-block-uagb-image--layout-default wp-block-uagb-image--effect-static wp-block-uagb-image--align-center\"><figure class=\"wp-block-uagb-image__figure\"><img decoding=\"async\" src=\"https:\/\/canariaslife.com\/wp-content\/uploads\/2025\/02\/Los-Llanos-de-Aridane-373x187_CanariasLife_.webp\" alt=\"Rathaus von Los Llanos de Aridane, Betreiber der webcam strand Puerto Naos La Palma\" class=\"uag-image-142210\" width=\"373\" height=\"187\" title=\"Los-Llanos-de-Aridane 373x187_CanariasLife_\" loading=\"lazy\" role=\"img\" \/><\/figure><\/div>\n<a class=\"spectra-container-link-overlay\" rel=\"noopener\" target=\"_blank\" href=\"https:\/\/www.aridane.org\/city\/\"> <\/a><\/div>\n<\/div><\/div>\n\n\n\n<div class=\"wp-block-uagb-container uagb-layout-flex uagb-block-c0c01dd0 alignfull uagb-is-root-container\">\n<div class=\"wp-block-uagb-container uagb-layout-grid uagb-block-73f50c5d alignfull uagb-is-root-container\">\n<div class=\"wp-block-uagb-advanced-heading uagb-block-cec9cefc pulso-manual\"><h4 class=\"uagb-heading-text\">So f\u00fchlt es sich an<strong>&nbsp;<\/strong>der<strong> Charco Verde&nbsp;<\/strong>heute<\/h4><p class=\"uagb-desc-text\">\ud83d\udc49 Was vermittelt dir jetzt gerade ein Gef\u00fchl?<\/p><\/div>\n\n\n\n<p class=\"has-ast-global-color-7-color has-text-color has-link-color has-small-font-size pulso-texto\">\nDer Puls spiegelt wider, wie dieser Ort im Moment wahrgenommen wird.\n<\/p>\n<\/div>\n\n\n\n<div class=\"wp-block-uagb-container uagb-layout-grid uagb-block-d551bbdc alignfull uagb-is-root-container\"><div class=\"uagb-container-inner-blocks-wrap\">\n<div class=\"wp-block-uagb-container pulso-opzione pulso-perfetto uagb-layout-flex uagb-block-276c94d9 default uagb-is-root-container\">\n<figure class=\"wp-block-image aligncenter size-full is-resized\" style=\"margin-top:0;margin-right:0;margin-bottom:0;margin-left:0\"><img decoding=\"async\" width=\"938\" height=\"469\" src=\"https:\/\/canariaslife.com\/wp-content\/uploads\/2026\/02\/Dia-perfecto.webp\" alt=\"\" class=\"wp-image-163737\" style=\"width:250px;height:auto\" srcset=\"https:\/\/canariaslife.com\/wp-content\/uploads\/2026\/02\/Dia-perfecto.webp 938w, https:\/\/canariaslife.com\/wp-content\/uploads\/2026\/02\/Dia-perfecto-300x150.webp 300w, https:\/\/canariaslife.com\/wp-content\/uploads\/2026\/02\/Dia-perfecto-768x384.webp 768w\" sizes=\"(max-width: 938px) 100vw, 938px\" \/><\/figure>\n\n\n\n<div class=\"wp-block-uagb-advanced-heading uagb-block-4fd6aa91\"><h5 class=\"uagb-heading-text\"><strong>Perfekter Tag<\/strong><\/h5><\/div>\n<\/div>\n\n\n\n<div class=\"wp-block-uagb-container pulso-opzione pulso-viento uagb-block-b2b18623 alignfull uagb-is-root-container\"><div class=\"uagb-container-inner-blocks-wrap\">\n<figure class=\"wp-block-image aligncenter size-full is-resized\"><img decoding=\"async\" width=\"938\" height=\"469\" src=\"https:\/\/canariaslife.com\/wp-content\/uploads\/2026\/02\/Mucho-viento.webp\" alt=\"\" class=\"wp-image-163738\" style=\"width:250px;height:auto\" srcset=\"https:\/\/canariaslife.com\/wp-content\/uploads\/2026\/02\/Mucho-viento.webp 938w, https:\/\/canariaslife.com\/wp-content\/uploads\/2026\/02\/Mucho-viento-300x150.webp 300w, https:\/\/canariaslife.com\/wp-content\/uploads\/2026\/02\/Mucho-viento-768x384.webp 768w\" sizes=\"(max-width: 938px) 100vw, 938px\" \/><\/figure>\n\n\n\n<div class=\"wp-block-uagb-advanced-heading uagb-block-7ea1fa32\"><h5 class=\"uagb-heading-text\"><strong>Viel Wind<\/strong><\/h5><\/div>\n<\/div><\/div>\n\n\n\n<div class=\"wp-block-uagb-container pulso-opzione pulso-mar uagb-block-522ed9d8 alignfull uagb-is-root-container\"><div class=\"uagb-container-inner-blocks-wrap\">\n<figure class=\"wp-block-image aligncenter size-full is-resized\"><img decoding=\"async\" width=\"938\" height=\"469\" src=\"https:\/\/canariaslife.com\/wp-content\/uploads\/2026\/02\/Mar-movido.webp\" alt=\"\" class=\"wp-image-163739\" style=\"width:250px;height:auto\" srcset=\"https:\/\/canariaslife.com\/wp-content\/uploads\/2026\/02\/Mar-movido.webp 938w, https:\/\/canariaslife.com\/wp-content\/uploads\/2026\/02\/Mar-movido-300x150.webp 300w, https:\/\/canariaslife.com\/wp-content\/uploads\/2026\/02\/Mar-movido-768x384.webp 768w\" sizes=\"(max-width: 938px) 100vw, 938px\" \/><\/figure>\n\n\n\n<div class=\"wp-block-uagb-advanced-heading uagb-block-012ede8d\"><h5 class=\"uagb-heading-text\"><strong>Bewegtes Meer<\/strong><\/h5><\/div>\n<\/div><\/div>\n\n\n\n<div class=\"wp-block-uagb-container pulso-opzione pulso-tranquilo uagb-layout-flex uagb-block-4a5309d1 alignfull uagb-is-root-container\"><div class=\"uagb-container-inner-blocks-wrap\">\n<figure class=\"wp-block-image aligncenter size-full is-resized\"><img decoding=\"async\" width=\"938\" height=\"469\" src=\"https:\/\/canariaslife.com\/wp-content\/uploads\/2026\/02\/Muy-tranquilo.webp\" alt=\"\" class=\"wp-image-163740\" style=\"width:250px;height:auto\" srcset=\"https:\/\/canariaslife.com\/wp-content\/uploads\/2026\/02\/Muy-tranquilo.webp 938w, https:\/\/canariaslife.com\/wp-content\/uploads\/2026\/02\/Muy-tranquilo-300x150.webp 300w, https:\/\/canariaslife.com\/wp-content\/uploads\/2026\/02\/Muy-tranquilo-768x384.webp 768w\" sizes=\"(max-width: 938px) 100vw, 938px\" \/><\/figure>\n\n\n\n<div class=\"wp-block-uagb-advanced-heading uagb-block-db59c8ad\"><h5 class=\"uagb-heading-text\"><strong>Sehr ruhig<\/strong><\/h5><\/div>\n<\/div><\/div>\n\n\n\n<div class=\"wp-block-uagb-container pulso-opzione pulso-paseo uagb-block-0f14bf83 default uagb-is-root-container\">\n<figure class=\"wp-block-image aligncenter size-full is-resized\"><img decoding=\"async\" width=\"938\" height=\"469\" src=\"https:\/\/canariaslife.com\/wp-content\/uploads\/2026\/02\/Ideal-para-paseo.webp\" alt=\"\" class=\"wp-image-163741\" style=\"width:250px;height:auto\" srcset=\"https:\/\/canariaslife.com\/wp-content\/uploads\/2026\/02\/Ideal-para-paseo.webp 938w, https:\/\/canariaslife.com\/wp-content\/uploads\/2026\/02\/Ideal-para-paseo-300x150.webp 300w, https:\/\/canariaslife.com\/wp-content\/uploads\/2026\/02\/Ideal-para-paseo-768x384.webp 768w\" sizes=\"(max-width: 938px) 100vw, 938px\" \/><\/figure>\n\n\n\n<div class=\"wp-block-uagb-advanced-heading uagb-block-3a8c7029\"><h5 class=\"uagb-heading-text\"><strong>Idealer Spaziergang  <\/strong><\/h5><\/div>\n<\/div>\n\n\n\n<div class=\"wp-block-uagb-container pulso-opzione pulso-variable uagb-block-12c04802 default uagb-is-root-container\">\n<figure class=\"wp-block-image size-full is-resized\"><img decoding=\"async\" width=\"938\" height=\"469\" src=\"https:\/\/canariaslife.com\/wp-content\/uploads\/2026\/02\/inestable.webp\" alt=\"\" class=\"wp-image-164163\" style=\"width:250px;height:auto\" srcset=\"https:\/\/canariaslife.com\/wp-content\/uploads\/2026\/02\/inestable.webp 938w, https:\/\/canariaslife.com\/wp-content\/uploads\/2026\/02\/inestable-300x150.webp 300w, https:\/\/canariaslife.com\/wp-content\/uploads\/2026\/02\/inestable-768x384.webp 768w\" sizes=\"(max-width: 938px) 100vw, 938px\" \/><\/figure>\n\n\n\n<div class=\"wp-block-uagb-advanced-heading uagb-block-385760df\"><h5 class=\"uagb-heading-text\"><strong>Wechselhafter Tag<\/strong><\/h5><\/div>\n<\/div>\n<\/div><\/div>\n\n\n\n<div class=\"wp-block-uagb-container uagb-layout-grid uagb-block-dfbe9d01 default uagb-is-root-container\">\n<div id=\"pulso-risultato\" style=\"margin-top:20px; text-align:center; font-weight:500;\"><\/div>\n\n\n\n<div class=\"wp-block-uagb-separator uagb-block-72e0eb00\"><div class=\"wp-block-uagb-separator__inner\" style=\"--my-background-image:\"><\/div><\/div>\n<\/div>\n<\/div>\n\n\n\n<div class=\"wp-block-uagb-container uagb-block-14e4f9aa alignfull uagb-is-root-container\"><div class=\"uagb-container-inner-blocks-wrap\">\n<div id=\"abertura-auto-cercanas-plugin\" data-no-translation=\"\"><\/div>\n<\/div><\/div>\n\n\n\n<div class=\"wp-block-uagb-container uagb-block-819e65dc default uagb-is-root-container\">\n<h2 id=\"h-la-playa-del-charco-verde-en-la-palma-arena-negra-y-aguas-medicinales\" class=\"wp-block-heading\">Der Strand von Charco Verde auf La Palma: schwarzer Sand und heilendes Wasser<\/h2>\n\n\n\n<p class=\"wp-block-paragraph\">Im S\u00fcdwesten von <strong>La Palma<\/strong>, am Fu\u00dfe einer Klippe, umgeben von Bananenplantagen, liegt der Strand von <strong>Charco Verde (Los Llanos de Aridane)<\/strong> ist einer der authentischsten und von den Anwohnern der Insel am meisten geliebten Buchten. Der schwarze vulkanische Sand, das Wasser, das je nach Tageslicht gr\u00fcn schimmert \u2014 daher der Name \u2014 und die kleinen Becken mit heilendem Wasser, bekannt als <strong>Ba\u00f1os del Charco Verde<\/strong> machen ihn zu einem Ort mit einzigartigem Charakter an der Westk\u00fcste von La Palma.<\/p>\n\n\n\n<p class=\"wp-block-paragraph\">Unsere&nbsp;<a href=\"https:\/\/canariaslife.com\/de\/camaras-de-la-palma\/los-llanos-de-aridane\/charco-verde\/\">Live-Kamera von Charco Verde<\/a>&nbsp;zeigt in Echtzeit den Strand und das Meer, sodass du den Zustand der Wellen und die Farbe des Wassers sehen kannst, bevor du losgehst. Es ist besonders n\u00fctzlich an windigen Tagen, an denen das Meer in diesem Abschnitt der Westk\u00fcste m\u00f6glicherweise unruhiger als gew\u00f6hnlich ist.&nbsp;<strong>La Palma<\/strong>.<\/p>\n\n\n\n<div class=\"wp-block-uagb-image alignleft uagb-block-057f317b wp-block-uagb-image--layout-default wp-block-uagb-image--effect-static wp-block-uagb-image--align-left\"><figure class=\"wp-block-uagb-image__figure\"><img decoding=\"async\" src=\"https:\/\/canariaslife.com\/wp-content\/uploads\/2026\/08\/Charco-Verde-La-Palma-1024x768.jpg\" alt=\"Charco Verde La Palma Strand schwarzer vulkanischer Sand Klippen Bananenplantagen\" class=\"uag-image-173287\" width=\"600\" height=\"1200\" title=\"Charco Verde La Palma\" loading=\"lazy\" role=\"img\" \/><\/figure><\/div>\n\n\n\n<h2 id=\"h-como-es-el-charco-verde-en-la-palma\" class=\"wp-block-heading\">Wie ist der Charco Verde auf La Palma<\/h2>\n\n\n\n<p class=\"wp-block-paragraph\">, ohne Wellen, ist ideal zum Schwimmen. Alle drei haben eine lokale Atmosph\u00e4re und sind vom Massentourismus im Norden der Insel entfernt.&nbsp;<strong>Charco Verde (La Palma)<\/strong>&nbsp;ist eine Bucht mit schwarzem vulkanischen Sand, die etwa 250 Meter lang und 10 Meter breit ist, am Fu\u00dfe einer Klippe im Gemeindegebiet von Los Llanos de Aridane gelegen. Ihre Halbmondform sch\u00fctzt sie teilweise vor den Wellen, obwohl das Meer moderat sein kann und es empfohlen wird, an windigeren Tagen mit Vorsicht einzutreten. Die S\u00fcdseite der Bucht ist die ruhigste und am besten f\u00fcr Familienbadeg\u00e4nge geeignet. Trotz ihrer abgeschiedenen Lage hat der Strand die Blaue Flagge und ist sehr gut ausgestattet: Au\u00dfenduschen, Toiletten, Kiosk mit Terrasse, Sonnenschirme, Spielbereich mit Tischen und B\u00e4nken, unbewachter Parkplatz mit 50 bis 100 Stellpl\u00e4tzen, barrierefreier Zugang mit Rampen und Holzsteghen f\u00fcr Menschen mit eingeschr\u00e4nkter Mobilit\u00e4t und Kinderwagen.<\/p>\n\n\n\n<p class=\"wp-block-paragraph\">Eines ihrer auff\u00e4lligsten Merkmale sind die mit Algen bedeckten Felsen, die das Ufer s\u00e4umen und dem Wasser jene charakteristische gr\u00fcne Farbe verleihen. Au\u00dferdem gibt es in der Umgebung des Strandes kleine Becken, die umgangssprachlich bekannt sind als&nbsp;<strong>Ba\u00f1os del Charco Verde<\/strong>, deren Wasser seit der Antike als heilend gilt. Auf der anderen Seite schafft die Landschaft, die die Bucht umgibt \u2014 vulkanische Klippen, Bananenplantagen nur wenige Meter vom Sand entfernt und der offene Atlantik \u2014 ein sehr palmenges\u00e4umtes Bild, das schwer zu vergessen ist. \u00dcberpr\u00fcfe vor deinem Besuch unsere&nbsp;<a href=\"https:\/\/canariaslife.com\/de\/camaras-de-la-palma\/los-llanos-de-aridane\/\">Live-Kameras<\/a>&nbsp;um den tats\u00e4chlichen Zustand des Meeres zu diesem Zeitpunkt zu sehen.<\/p>\n\n\n\n<div class=\"wp-block-uagb-image alignleft uagb-block-2e470159 wp-block-uagb-image--layout-default wp-block-uagb-image--effect-static wp-block-uagb-image--align-left\"><figure class=\"wp-block-uagb-image__figure\"><img decoding=\"async\" src=\"https:\/\/canariaslife.com\/wp-content\/uploads\/2026\/08\/Charco-Verde-aguas-verdes.jpg\" alt=\"Charco Verde La Palma gr\u00fcne Gew\u00e4sser Felsen Algen Sonnenuntergang Westk\u00fcste\" class=\"uag-image-173290\" width=\"600\" height=\"427\" title=\"Charco Verde gr\u00fcne Gew\u00e4sser\" loading=\"lazy\" role=\"img\" \/><\/figure><\/div>\n\n\n\n<h2 id=\"h-charco-verde-la-palma-que-hacer-y-como-llegar\" class=\"wp-block-heading\">Charco Verde La Palma: Was tun und wie zu erreichen<\/h2>\n\n\n\n<p class=\"wp-block-paragraph\">Zus\u00e4tzlich zum Baden und Schnorcheln zwischen den Felsen ist der&nbsp;<strong>Charco Verde (La Palma)<\/strong>&nbsp;ein idealer Ausgangspunkt, um die Westk\u00fcste der Gemeinde Los Llanos de Aridane zu erkunden. Nach Norden, zwei Kilometer entfernt, liegt der Strand von Puerto Naos, der gr\u00f6\u00dfte im S\u00fcdwesten der Insel, mit allen Einrichtungen eines Stadtstrandes. Nach S\u00fcden f\u00fchrt die K\u00fcstenstra\u00dfe bis nach El Remo, einem kleinen Fischerei-Hafen mit einem beliebten, frischen Fischrestaurant bei den Einheimischen. Beide Ziele k\u00f6nnen an einem Tag besucht werden, wenn man sie mit einem Halt im&nbsp;<a href=\"https:\/\/es.wikipedia.org\/wiki\/Los_Llanos_de_Aridane\">Stadtzentrum von Los Llanos de Aridane<\/a>, der bev\u00f6lkerungsreichsten Stadt von La Palma, kombiniert, mit ihrem lebhaften Markt und dem baumbestandenen Platz.<\/p>\n\n\n\n<p class=\"wp-block-paragraph\">Um zu erreichen den&nbsp;<strong>Charco Verde<\/strong>&nbsp;Von Los Llanos de Aridane f\u00e4hrt man auf der Stra\u00dfe LP-2 in Richtung S\u00fcden bis zur Zone von Puerto Naos und von dort geht es weiter \u00fcber die LP-214 bis zum Parkplatz am Strand, in einer Fahrtzeit von etwa f\u00fcnfzehn Minuten. Die Buslinie Nummer 24 verbindet Los Llanos de Aridane mit dem Strand, allerdings mit reduzierter Frequenz. Es wird empfohlen, Wasserschuhe mitzunehmen, um \u00fcber die felsigen Zonen am Ufer zu gehen. Wenn du weiterhin den Westen der Insel erkunden m\u00f6chtest, sieh dir auch die&nbsp;<a href=\"https:\/\/canariaslife.com\/de\/camaras-de-la-palma\/\">Live-Kameras von La Palma an<\/a>&nbsp;auf CanariasLife.<\/p>\n\n\n\n<div class=\"wp-block-uagb-image alignleft uagb-block-454aaea7 wp-block-uagb-image--layout-default wp-block-uagb-image--effect-static wp-block-uagb-image--align-left\"><figure class=\"wp-block-uagb-image__figure\"><img decoding=\"async\" src=\"https:\/\/canariaslife.com\/wp-content\/uploads\/2026\/08\/Charco-Verde-La-Palma-atardecer-1024x473.jpg\" alt=\"\" class=\"uag-image-173292\" width=\"600\" height=\"1391\" title=\"Charco Verde La Palma Sonnenuntergang\" loading=\"lazy\" role=\"img\" \/><\/figure><\/div>\n\n\n\n<h2 id=\"h-el-charco-verde-responde\" class=\"wp-block-heading\">Charco Verde antwortet<\/h2>\n\n\n\n<p class=\"wp-block-paragraph\"><strong>Was sieht man in der Live-Kamera des Charco Verde auf CanariasLife?<\/strong><br>Die Kamera zeigt in Echtzeit den Strand und das Meer von Charco Verde. Du kannst den Zustand der Wellen und die Farbe des Wassers sehen, bevor du losgehst, was besonders an windigen Tagen n\u00fctzlich ist, wenn das Meer unruhiger als gew\u00f6hnlich sein kann.<\/p>\n\n\n\n<p class=\"wp-block-paragraph\"><strong>Wie ist der Strand Charco Verde auf La Palma?<\/strong><br>Es ist eine etwa 250 Meter lange Bucht mit schwarzem Vulkansand, umgeben von Klippen und Bananenpflanzen, mit einer blauen Flagge und sehr gut ausgestattet, trotz ihres abgelegenen Charakters. Ihr Wasser bekommt gr\u00fcne T\u00f6ne dank der mit Algen bedeckten Felsen, die das Ufer s\u00e4umen, daher ihr Name.<\/p>\n\n\n\n<p class=\"wp-block-paragraph\"><strong>Was sind die Ba\u00f1os del Charco Verde?<\/strong><br>Es sind kleine nat\u00fcrliche Brunnen, die sich in der Umgebung des Strandes befinden und deren Wasser seit der Antike als heilend angesehen wird. Sie sind eines der einzigartigsten und weniger bekannten Elemente in dieser Ecke der Westk\u00fcste von La Palma.<\/p>\n\n\n\n<p class=\"wp-block-paragraph\"><strong>Ist der Strand von Charco Verde sicher zum Baden?<\/strong><br>Im Allgemeinen ja, besonders auf der S\u00fcdseite der Bucht, die ruhiger ist. Allerdings kann die Brandung moderat sein, und es wird empfohlen, an windigen Tagen vorsichtig ins Wasser zu gehen. \u00dcberpr\u00fcfe die Live-Kamera, bevor du losgehst, um den Zustand des Meeres zu diesem Zeitpunkt zu sehen. Es wird empfohlen, in den felsigen Bereichen Neoprenschuhe zu tragen.<\/p>\n\n\n\n<p class=\"wp-block-paragraph\"><strong>Wann ist es am besten, den Charco Verde zu besuchen?<\/strong><br>Am Morgen zum Schwimmen, tags\u00fcber zum Sonnenbaden oder zum Abend, um die Aussicht zu genie\u00dfen: die Bucht ist zu jeder Zeit angenehm. Die ruhigste Zeit ist au\u00dferhalb der Hochsaison, wenn der Strand eine mittlere bis niedrige Belegung hat.<\/p>\n\n\n\n<p class=\"wp-block-paragraph\"><strong>Wie gelangt man von Los Llanos de Aridane zum Charco Verde?<\/strong><br>Man f\u00e4hrt die LP-2 in Richtung S\u00fcden bis nach Puerto Naos und von dort die LP-214 bis zum Parkplatz am Strand, was etwa f\u00fcnfzehn Minuten mit dem Auto dauert. Die Buslinie Nummer 24 verbindet auch Los Llanos de Aridane mit dem Strand, allerdings mit reduzierter Frequenz.<\/p>\n<\/div>\n\n\n\n<div class=\"wp-block-uagb-container uagb-block-ace280f5 default uagb-is-root-container\">\n<div class=\"wp-block-uagb-container uagb-block-8b26083b\">\n<div class=\"wp-block-uagb-buttons uagb-buttons__outer-wrap uagb-btn__medium-btn uagb-btn-tablet__default-btn uagb-btn-mobile__default-btn uagb-block-507f9d23\"><div class=\"uagb-buttons__wrap uagb-buttons-layout-wrap\">\n<div class=\"wp-block-uagb-buttons-child uagb-buttons__outer-wrap uagb-block-cca2da94 wp-block-button\"><div class=\"uagb-button__wrapper\"><a class=\"uagb-buttons-repeater wp-block-button__link\" aria-label=\"\" href=\"https:\/\/canariaslife.com\/de\/camaras-de-la-palma\/\" rel=\"follow noopener\" target=\"_self\" role=\"button\"><span class=\"uagb-button__icon uagb-button__icon-position-before\"><svg xmlns=\"https:\/\/www.w3.org\/2000\/svg\" viewbox=\"0 0 256 512\" aria-hidden=\"true\" focussable=\"false\"><path d=\"M192 448c-8.188 0-16.38-3.125-22.62-9.375l-160-160c-12.5-12.5-12.5-32.75 0-45.25l160-160c12.5-12.5 32.75-12.5 45.25 0s12.5 32.75 0 45.25L77.25 256l137.4 137.4c12.5 12.5 12.5 32.75 0 45.25C208.4 444.9 200.2 448 192 448z\"><\/path><\/svg><\/span><div class=\"uagb-button__link\">La Palma<\/div><\/a><\/div><\/div>\n<\/div><\/div>\n<\/div>\n\n\n\n<div class=\"wp-block-uagb-container uagb-layout-flex uagb-block-0055e946\">\n<div class=\"wp-block-uagb-buttons uagb-buttons__outer-wrap uagb-btn__medium-btn uagb-btn-tablet__default-btn uagb-btn-mobile__default-btn uagb-block-c768dbbf\"><div class=\"uagb-buttons__wrap uagb-buttons-layout-wrap\">\n<div class=\"wp-block-uagb-buttons-child uagb-buttons__outer-wrap uagb-block-73c76c1b wp-block-button\"><div class=\"uagb-button__wrapper\"><a class=\"uagb-buttons-repeater wp-block-button__link\" aria-label=\"\" href=\"https:\/\/canariaslife.com\/de\/camaras-de-la-palma\/los-llanos-de-aridane\/\" rel=\"follow noopener\" target=\"_self\" role=\"button\"><div class=\"uagb-button__link\">Los Llanos A.<\/div><span class=\"uagb-button__icon uagb-button__icon-position-after\"><svg xmlns=\"https:\/\/www.w3.org\/2000\/svg\" viewbox=\"0 0 256 512\" aria-hidden=\"true\" focussable=\"false\"><path d=\"M64 448c-8.188 0-16.38-3.125-22.62-9.375c-12.5-12.5-12.5-32.75 0-45.25L178.8 256L41.38 118.6c-12.5-12.5-12.5-32.75 0-45.25s32.75-12.5 45.25 0l160 160c12.5 12.5 12.5 32.75 0 45.25l-160 160C80.38 444.9 72.19 448 64 448z\"><\/path><\/svg><\/span><\/a><\/div><\/div>\n<\/div><\/div>\n<\/div>\n<\/div>\n\n\n\n<div class=\"wp-block-uagb-separator uagb-block-b727d89b\"><div class=\"uagb-separator-spacing-wrapper\"><div class=\"wp-block-uagb-separator__inner\" style=\"--my-background-image:\"><\/div><\/div><\/div>","protected":false},"excerpt":{"rendered":"<p>Charco Verde La Palma&nbsp;en Tiempo Real Arena negra, aguas medicinales y acantilados en la costa [&hellip;]<\/p>\n","protected":false},"author":1,"featured_media":173305,"parent":1579,"menu_order":4,"comment_status":"closed","ping_status":"closed","template":"","meta":{"_uag_custom_page_level_css":"","site-sidebar-layout":"default","site-content-layout":"","ast-site-content-layout":"","site-content-style":"default","site-sidebar-style":"default","ast-global-header-display":"","ast-banner-title-visibility":"","ast-main-header-display":"","ast-hfb-above-header-display":"","ast-hfb-below-header-display":"","ast-hfb-mobile-header-display":"","site-post-title":"disabled","ast-breadcrumbs-content":"","ast-featured-img":"disabled","footer-sml-layout":"","ast-disable-related-posts":"","theme-transparent-header-meta":"","adv-header-id-meta":"","stick-header-meta":"","header-above-stick-meta":"","header-main-stick-meta":"","header-below-stick-meta":"","astra-migrate-meta-layouts":"default","ast-page-background-enabled":"default","ast-page-background-meta":{"desktop":{"background-color":"var(--ast-global-color-4)","background-image":"","background-repeat":"repeat","background-position":"center center","background-size":"auto","background-attachment":"scroll","background-type":"","background-media":"","overlay-type":"","overlay-color":"","overlay-opacity":"","overlay-gradient":""},"tablet":{"background-color":"","background-image":"","background-repeat":"repeat","background-position":"center center","background-size":"auto","background-attachment":"scroll","background-type":"","background-media":"","overlay-type":"","overlay-color":"","overlay-opacity":"","overlay-gradient":""},"mobile":{"background-color":"","background-image":"","background-repeat":"repeat","background-position":"center center","background-size":"auto","background-attachment":"scroll","background-type":"","background-media":"","overlay-type":"","overlay-color":"","overlay-opacity":"","overlay-gradient":""}},"ast-content-background-meta":{"desktop":{"background-color":"var(--ast-global-color-5)","background-image":"","background-repeat":"repeat","background-position":"center center","background-size":"auto","background-attachment":"scroll","background-type":"","background-media":"","overlay-type":"","overlay-color":"","overlay-opacity":"","overlay-gradient":""},"tablet":{"background-color":"var(--ast-global-color-5)","background-image":"","background-repeat":"repeat","background-position":"center center","background-size":"auto","background-attachment":"scroll","background-type":"","background-media":"","overlay-type":"","overlay-color":"","overlay-opacity":"","overlay-gradient":""},"mobile":{"background-color":"var(--ast-global-color-5)","background-image":"","background-repeat":"repeat","background-position":"center center","background-size":"auto","background-attachment":"scroll","background-type":"","background-media":"","overlay-type":"","overlay-color":"","overlay-opacity":"","overlay-gradient":""}},"footnotes":""},"categories":[3612],"tags":[13002,12999,13001,13000,12998],"folder":[11],"class_list":["post-173282","page","type-page","status-publish","has-post-thumbnail","hentry","category-webcam","tag-camara-en-directo-costa-oeste-la-palma","tag-camara-online-los-llanos-de-aridane","tag-camara-web-playa-charco-verde","tag-ver-charco-verde-en-tiempo-real","tag-webcam-charco-verde-la-palma"],"yoast_head":"<!-- This site is optimized with the Yoast SEO Premium plugin v28.4 (Yoast SEO v28.4) - https:\/\/yoast.com\/product\/yoast-seo-premium-wordpress\/ -->\n<title>Charco Verde La Palma en vivo: playa volc\u00e1nica | CanariasLife<\/title>\n<meta name=\"description\" content=\"El Charco Verde en La Palma: playa de arena negra volc\u00e1nica con bandera azul, aguas medicinales y vistas \u00fanicas a los acantilados. Live!\" \/>\n<meta name=\"robots\" content=\"index, follow, max-snippet:-1, max-image-preview:large, max-video-preview:-1\" \/>\n<link rel=\"canonical\" href=\"https:\/\/canariaslife.com\/de\/camaras-de-la-palma\/los-llanos-de-aridane\/charco-verde\/\" \/>\n<meta property=\"og:locale\" content=\"de_DE\" \/>\n<meta property=\"og:type\" content=\"article\" \/>\n<meta property=\"og:title\" content=\"En tiempo real: Charco Verde - Los Llanos de Aridane, La Palma | CanariasLife\" \/>\n<meta property=\"og:description\" content=\"El Charco Verde en La Palma: playa de arena negra volc\u00e1nica con bandera azul, aguas medicinales y vistas \u00fanicas a los acantilados. Live!\" \/>\n<meta property=\"og:url\" content=\"https:\/\/canariaslife.com\/de\/camaras-de-la-palma\/los-llanos-de-aridane\/charco-verde\/\" \/>\n<meta property=\"og:site_name\" content=\"CanariasLife webcams\" \/>\n<meta property=\"article:publisher\" content=\"https:\/\/www.facebook.com\/CanariasLifeW\" \/>\n<meta property=\"article:modified_time\" content=\"2026-09-03T15:19:56+00:00\" \/>\n<meta property=\"og:image\" content=\"https:\/\/canariaslife.com\/wp-content\/uploads\/2026\/08\/Charco-Verde-Los-Llanos-de-Aridane-La-Palma.webp\" \/>\n\t<meta property=\"og:image:width\" content=\"1200\" \/>\n\t<meta property=\"og:image:height\" content=\"628\" \/>\n\t<meta property=\"og:image:type\" content=\"image\/webp\" \/>\n<meta name=\"twitter:card\" content=\"summary_large_image\" \/>\n<meta name=\"twitter:site\" content=\"@CanariasLifeW\" \/>\n<meta name=\"twitter:label1\" content=\"Gesch\u00e4tzte Lesezeit\" \/>\n\t<meta name=\"twitter:data1\" content=\"8\u00a0Minuten\" \/>\n<script type=\"application\/ld+json\" class=\"yoast-schema-graph\">{\"@context\":\"https:\\\/\\\/schema.org\",\"@graph\":[{\"@type\":\"WebPage\",\"@id\":\"https:\\\/\\\/canariaslife.com\\\/camaras-de-la-palma\\\/los-llanos-de-aridane\\\/charco-verde\\\/\",\"url\":\"https:\\\/\\\/canariaslife.com\\\/camaras-de-la-palma\\\/los-llanos-de-aridane\\\/charco-verde\\\/\",\"name\":\"Charco Verde La Palma en vivo: playa volc\u00e1nica | CanariasLife\",\"isPartOf\":{\"@id\":\"https:\\\/\\\/canariaslife.com\\\/#website\"},\"primaryImageOfPage\":{\"@id\":\"https:\\\/\\\/canariaslife.com\\\/camaras-de-la-palma\\\/los-llanos-de-aridane\\\/charco-verde\\\/#primaryimage\"},\"image\":{\"@id\":\"https:\\\/\\\/canariaslife.com\\\/camaras-de-la-palma\\\/los-llanos-de-aridane\\\/charco-verde\\\/#primaryimage\"},\"thumbnailUrl\":\"https:\\\/\\\/canariaslife.com\\\/wp-content\\\/uploads\\\/2026\\\/08\\\/Charco-Verde-Los-Llanos-de-Aridane-La-Palma.webp\",\"datePublished\":\"2026-08-28T09:46:40+00:00\",\"dateModified\":\"2026-09-03T15:19:56+00:00\",\"description\":\"El Charco Verde en La Palma: playa de arena negra volc\u00e1nica con bandera azul, aguas medicinales y vistas \u00fanicas a los acantilados. Live!\",\"breadcrumb\":{\"@id\":\"https:\\\/\\\/canariaslife.com\\\/camaras-de-la-palma\\\/los-llanos-de-aridane\\\/charco-verde\\\/#breadcrumb\"},\"inLanguage\":\"de\",\"potentialAction\":[{\"@type\":\"ReadAction\",\"target\":[\"https:\\\/\\\/canariaslife.com\\\/camaras-de-la-palma\\\/los-llanos-de-aridane\\\/charco-verde\\\/\"]}]},{\"@type\":\"ImageObject\",\"inLanguage\":\"de\",\"@id\":\"https:\\\/\\\/canariaslife.com\\\/camaras-de-la-palma\\\/los-llanos-de-aridane\\\/charco-verde\\\/#primaryimage\",\"url\":\"https:\\\/\\\/canariaslife.com\\\/wp-content\\\/uploads\\\/2026\\\/08\\\/Charco-Verde-Los-Llanos-de-Aridane-La-Palma.webp\",\"contentUrl\":\"https:\\\/\\\/canariaslife.com\\\/wp-content\\\/uploads\\\/2026\\\/08\\\/Charco-Verde-Los-Llanos-de-Aridane-La-Palma.webp\",\"width\":1200,\"height\":628,\"caption\":\"Playa de Charco Verde, en Los Llanos de Aridane, La Palma, con arena negra, sombrillas de paja, zona de ba\u00f1o y acantilados volc\u00e1nicos junto al mar.\"},{\"@type\":\"BreadcrumbList\",\"@id\":\"https:\\\/\\\/canariaslife.com\\\/camaras-de-la-palma\\\/los-llanos-de-aridane\\\/charco-verde\\\/#breadcrumb\",\"itemListElement\":[{\"@type\":\"ListItem\",\"position\":1,\"name\":\"inicio\",\"item\":\"https:\\\/\\\/canariaslife.com\\\/\"},{\"@type\":\"ListItem\",\"position\":2,\"name\":\"La Palma\",\"item\":\"https:\\\/\\\/canariaslife.com\\\/camaras-de-la-palma\\\/\"},{\"@type\":\"ListItem\",\"position\":3,\"name\":\"Los Llanos de Aridane\",\"item\":\"https:\\\/\\\/canariaslife.com\\\/camaras-de-la-palma\\\/los-llanos-de-aridane\\\/\"},{\"@type\":\"ListItem\",\"position\":4,\"name\":\"Charco Verde\"}]},{\"@type\":\"WebSite\",\"@id\":\"https:\\\/\\\/canariaslife.com\\\/#website\",\"url\":\"https:\\\/\\\/canariaslife.com\\\/\",\"name\":\"https:\\\/\\\/canariaslife.com\",\"description\":\"CanariasLife c\u00e1maras web en vivo de las Islas Canarias\",\"publisher\":{\"@id\":\"https:\\\/\\\/canariaslife.com\\\/#organization\"},\"alternateName\":\"webcams en vivo de Canarias\",\"potentialAction\":[{\"@type\":\"SearchAction\",\"target\":{\"@type\":\"EntryPoint\",\"urlTemplate\":\"https:\\\/\\\/canariaslife.com\\\/?s={search_term_string}\"},\"query-input\":{\"@type\":\"PropertyValueSpecification\",\"valueRequired\":true,\"valueName\":\"search_term_string\"}}],\"inLanguage\":\"de\"},{\"@type\":\"Organization\",\"@id\":\"https:\\\/\\\/canariaslife.com\\\/#organization\",\"name\":\"CanariasLife webcams\",\"url\":\"https:\\\/\\\/canariaslife.com\\\/\",\"logo\":{\"@type\":\"ImageObject\",\"inLanguage\":\"de\",\"@id\":\"https:\\\/\\\/canariaslife.com\\\/#\\\/schema\\\/logo\\\/image\\\/\",\"url\":\"https:\\\/\\\/canariaslife.com\\\/wp-content\\\/uploads\\\/2024\\\/12\\\/cropped-Favicon.jpg\",\"contentUrl\":\"https:\\\/\\\/canariaslife.com\\\/wp-content\\\/uploads\\\/2024\\\/12\\\/cropped-Favicon.jpg\",\"width\":512,\"height\":512,\"caption\":\"CanariasLife webcams\"},\"image\":{\"@id\":\"https:\\\/\\\/canariaslife.com\\\/#\\\/schema\\\/logo\\\/image\\\/\"},\"sameAs\":[\"https:\\\/\\\/www.facebook.com\\\/CanariasLifeW\",\"https:\\\/\\\/x.com\\\/CanariasLifeW\",\"https:\\\/\\\/www.instagram.com\\\/canariaslifewebcams\\\/\"],\"description\":\"CanariasLife ofrece transmisiones en vivo a trav\u00e9s de webcams de las Islas Canarias, mostrando paisajes, playas y puntos de inter\u00e9s en tiempo real para turistas y amantes de las islas.\",\"legalName\":\"CanariasLife webcams\",\"numberOfEmployees\":{\"@type\":\"QuantitativeValue\",\"minValue\":\"1\",\"maxValue\":\"10\"}}]}<\/script>\n<!-- \/ Yoast SEO Premium plugin. -->","yoast_head_json":{"title":"Charco Verde La Palma live: Vulkansandstrand | CanariasLife","description":"Der Charco Verde auf La Palma: Strand aus schwarzem Vulkansand mit Blauer Flagge, heilenden Gew\u00e4ssern und einzigartigen Ausblicken auf die Klippen. Live!","robots":{"index":"index","follow":"follow","max-snippet":"max-snippet:-1","max-image-preview":"max-image-preview:large","max-video-preview":"max-video-preview:-1"},"canonical":"https:\/\/canariaslife.com\/de\/camaras-de-la-palma\/los-llanos-de-aridane\/charco-verde\/","og_locale":"de_DE","og_type":"article","og_title":"En tiempo real: Charco Verde - Los Llanos de Aridane, La Palma | CanariasLife","og_description":"El Charco Verde en La Palma: playa de arena negra volc\u00e1nica con bandera azul, aguas medicinales y vistas \u00fanicas a los acantilados. Live!","og_url":"https:\/\/canariaslife.com\/de\/camaras-de-la-palma\/los-llanos-de-aridane\/charco-verde\/","og_site_name":"CanariasLife webcams","article_publisher":"https:\/\/www.facebook.com\/CanariasLifeW","article_modified_time":"2026-09-03T15:19:56+00:00","og_image":[{"width":1200,"height":628,"url":"https:\/\/canariaslife.com\/wp-content\/uploads\/2026\/08\/Charco-Verde-Los-Llanos-de-Aridane-La-Palma.webp","type":"image\/webp"}],"twitter_card":"summary_large_image","twitter_site":"@CanariasLifeW","twitter_misc":{"Gesch\u00e4tzte Lesezeit":"8\u00a0Minuten"},"schema":{"@context":"https:\/\/schema.org","@graph":[{"@type":"WebPage","@id":"https:\/\/canariaslife.com\/camaras-de-la-palma\/los-llanos-de-aridane\/charco-verde\/","url":"https:\/\/canariaslife.com\/camaras-de-la-palma\/los-llanos-de-aridane\/charco-verde\/","name":"Charco Verde La Palma live: Vulkansandstrand | CanariasLife","isPartOf":{"@id":"https:\/\/canariaslife.com\/#website"},"primaryImageOfPage":{"@id":"https:\/\/canariaslife.com\/camaras-de-la-palma\/los-llanos-de-aridane\/charco-verde\/#primaryimage"},"image":{"@id":"https:\/\/canariaslife.com\/camaras-de-la-palma\/los-llanos-de-aridane\/charco-verde\/#primaryimage"},"thumbnailUrl":"https:\/\/canariaslife.com\/wp-content\/uploads\/2026\/08\/Charco-Verde-Los-Llanos-de-Aridane-La-Palma.webp","datePublished":"2026-08-28T09:46:40+00:00","dateModified":"2026-09-03T15:19:56+00:00","description":"Der Charco Verde auf La Palma: Strand aus schwarzem Vulkansand mit Blauer Flagge, heilenden Gew\u00e4ssern und einzigartigen Ausblicken auf die Klippen. Live!","breadcrumb":{"@id":"https:\/\/canariaslife.com\/camaras-de-la-palma\/los-llanos-de-aridane\/charco-verde\/#breadcrumb"},"inLanguage":"de","potentialAction":[{"@type":"ReadAction","target":["https:\/\/canariaslife.com\/camaras-de-la-palma\/los-llanos-de-aridane\/charco-verde\/"]}]},{"@type":"ImageObject","inLanguage":"de","@id":"https:\/\/canariaslife.com\/camaras-de-la-palma\/los-llanos-de-aridane\/charco-verde\/#primaryimage","url":"https:\/\/canariaslife.com\/wp-content\/uploads\/2026\/08\/Charco-Verde-Los-Llanos-de-Aridane-La-Palma.webp","contentUrl":"https:\/\/canariaslife.com\/wp-content\/uploads\/2026\/08\/Charco-Verde-Los-Llanos-de-Aridane-La-Palma.webp","width":1200,"height":628,"caption":"Playa de Charco Verde, en Los Llanos de Aridane, La Palma, con arena negra, sombrillas de paja, zona de ba\u00f1o y acantilados volc\u00e1nicos junto al mar."},{"@type":"BreadcrumbList","@id":"https:\/\/canariaslife.com\/camaras-de-la-palma\/los-llanos-de-aridane\/charco-verde\/#breadcrumb","itemListElement":[{"@type":"ListItem","position":1,"name":"inicio","item":"https:\/\/canariaslife.com\/"},{"@type":"ListItem","position":2,"name":"La Palma","item":"https:\/\/canariaslife.com\/camaras-de-la-palma\/"},{"@type":"ListItem","position":3,"name":"Los Llanos de Aridane","item":"https:\/\/canariaslife.com\/camaras-de-la-palma\/los-llanos-de-aridane\/"},{"@type":"ListItem","position":4,"name":"Charco Verde"}]},{"@type":"WebSite","@id":"https:\/\/canariaslife.com\/#website","url":"https:\/\/canariaslife.com\/","name":"https:\/\/canariaslife.com","description":"CanariasLife Live-Streaming-Webcams der Kanarischen Inseln","publisher":{"@id":"https:\/\/canariaslife.com\/#organization"},"alternateName":"webcams en vivo de Canarias","potentialAction":[{"@type":"SearchAction","target":{"@type":"EntryPoint","urlTemplate":"https:\/\/canariaslife.com\/?s={search_term_string}"},"query-input":{"@type":"PropertyValueSpecification","valueRequired":true,"valueName":"search_term_string"}}],"inLanguage":"de"},{"@type":"Organization","@id":"https:\/\/canariaslife.com\/#organization","name":"KanarenLife Webcams","url":"https:\/\/canariaslife.com\/","logo":{"@type":"ImageObject","inLanguage":"de","@id":"https:\/\/canariaslife.com\/#\/schema\/logo\/image\/","url":"https:\/\/canariaslife.com\/wp-content\/uploads\/2024\/12\/cropped-Favicon.jpg","contentUrl":"https:\/\/canariaslife.com\/wp-content\/uploads\/2024\/12\/cropped-Favicon.jpg","width":512,"height":512,"caption":"CanariasLife webcams"},"image":{"@id":"https:\/\/canariaslife.com\/#\/schema\/logo\/image\/"},"sameAs":["https:\/\/www.facebook.com\/CanariasLifeW","https:\/\/x.com\/CanariasLifeW","https:\/\/www.instagram.com\/canariaslifewebcams\/"],"description":"CanariasLife bietet Live-\u00dcbertragungen \u00fcber Webcams der Kanarischen Inseln an, die Landschaften, Str\u00e4nde und Sehensw\u00fcrdigkeiten in Echtzeit f\u00fcr Touristen und Insel-Liebhaber zeigen.","legalName":"CanariasLife webcams","numberOfEmployees":{"@type":"QuantitativeValue","minValue":"1","maxValue":"10"}}]}},"uagb_featured_image_src":{"full":["https:\/\/canariaslife.com\/wp-content\/uploads\/2026\/08\/Charco-Verde-Los-Llanos-de-Aridane-La-Palma.webp",1200,628,false],"thumbnail":["https:\/\/canariaslife.com\/wp-content\/uploads\/2026\/08\/Charco-Verde-Los-Llanos-de-Aridane-La-Palma-150x150.webp",150,150,true],"medium":["https:\/\/canariaslife.com\/wp-content\/uploads\/2026\/08\/Charco-Verde-Los-Llanos-de-Aridane-La-Palma-300x157.webp",300,157,true],"medium_large":["https:\/\/canariaslife.com\/wp-content\/uploads\/2026\/08\/Charco-Verde-Los-Llanos-de-Aridane-La-Palma-768x402.webp",768,402,true],"large":["https:\/\/canariaslife.com\/wp-content\/uploads\/2026\/08\/Charco-Verde-Los-Llanos-de-Aridane-La-Palma-1024x536.webp",1024,536,true],"1536x1536":["https:\/\/canariaslife.com\/wp-content\/uploads\/2026\/08\/Charco-Verde-Los-Llanos-de-Aridane-La-Palma.webp",1200,628,false],"2048x2048":["https:\/\/canariaslife.com\/wp-content\/uploads\/2026\/08\/Charco-Verde-Los-Llanos-de-Aridane-La-Palma.webp",1200,628,false],"trp-custom-language-flag":["https:\/\/canariaslife.com\/wp-content\/uploads\/2026\/08\/Charco-Verde-Los-Llanos-de-Aridane-La-Palma-18x9.webp",18,9,true]},"uagb_author_info":{"display_name":"Paolo","author_link":"https:\/\/canariaslife.com\/de\/author\/paolo-agostinianigmail-com\/"},"uagb_comment_info":0,"uagb_excerpt":"Charco Verde La Palma&nbsp;en Tiempo Real Arena negra, aguas medicinales y acantilados en la costa [&hellip;]","_links":{"self":[{"href":"https:\/\/canariaslife.com\/de\/wp-json\/wp\/v2\/pages\/173282","targetHints":{"allow":["GET"]}}],"collection":[{"href":"https:\/\/canariaslife.com\/de\/wp-json\/wp\/v2\/pages"}],"about":[{"href":"https:\/\/canariaslife.com\/de\/wp-json\/wp\/v2\/types\/page"}],"author":[{"embeddable":true,"href":"https:\/\/canariaslife.com\/de\/wp-json\/wp\/v2\/users\/1"}],"replies":[{"embeddable":true,"href":"https:\/\/canariaslife.com\/de\/wp-json\/wp\/v2\/comments?post=173282"}],"version-history":[{"count":6,"href":"https:\/\/canariaslife.com\/de\/wp-json\/wp\/v2\/pages\/173282\/revisions"}],"predecessor-version":[{"id":173492,"href":"https:\/\/canariaslife.com\/de\/wp-json\/wp\/v2\/pages\/173282\/revisions\/173492"}],"up":[{"embeddable":true,"href":"https:\/\/canariaslife.com\/de\/wp-json\/wp\/v2\/pages\/1579"}],"wp:featuredmedia":[{"embeddable":true,"href":"https:\/\/canariaslife.com\/de\/wp-json\/wp\/v2\/media\/173305"}],"wp:attachment":[{"href":"https:\/\/canariaslife.com\/de\/wp-json\/wp\/v2\/media?parent=173282"}],"wp:term":[{"taxonomy":"category","embeddable":true,"href":"https:\/\/canariaslife.com\/de\/wp-json\/wp\/v2\/categories?post=173282"},{"taxonomy":"post_tag","embeddable":true,"href":"https:\/\/canariaslife.com\/de\/wp-json\/wp\/v2\/tags?post=173282"},{"taxonomy":"folder","embeddable":true,"href":"https:\/\/canariaslife.com\/de\/wp-json\/wp\/v2\/folder?post=173282"}],"curies":[{"name":"wp","href":"https:\/\/api.w.org\/{rel}","templated":true}]}}